{"id":5794,"date":"2023-03-28T04:35:49","date_gmt":"2023-03-28T02:35:49","guid":{"rendered":"https:\/\/www.hoteltucblancbaqueira.com\/autres-services\/"},"modified":"2025-08-04T11:57:25","modified_gmt":"2025-08-04T09:57:25","slug":"services","status":"publish","type":"page","link":"https:\/\/www.hoteltucblancbaqueira.com\/fr\/services\/","title":{"rendered":"Autres services"},"content":{"rendered":"\t\t<div data-elementor-type=\"wp-page\" data-elementor-id=\"5794\" class=\"elementor elementor-5794 elementor-212\" data-elementor-post-type=\"page\">\n\t\t\t\t<div class=\"elementor-element elementor-element-bc12f4f e-flex e-con-boxed e-con e-parent\" data-id=\"bc12f4f\" data-element_type=\"container\" data-e-type=\"container\">\n\t\t\t\t\t<div class=\"e-con-inner\">\n\t\t\t\t<div class=\"elementor-element elementor-element-1049fc5 elementor-widget elementor-widget-cs_title\" data-id=\"1049fc5\" data-element_type=\"widget\" data-e-type=\"widget\" data-widget_type=\"cs_title.default\">\n\t\t\t\t<div class=\"elementor-widget-container\">\n\t\t\t\t\t\n        <div class=\"cs-title-wrap text-center\">\t            <h1 class=\"cs-title\">\n\t                Tout ce qui rend votre s\u00e9jour plus simple et plus agr\u00e9able\t            <\/h1>\t            <div class=\"cs-title-text\">\n\t                <p><span style=\"font-weight: 400;\">\u00c0 l\u2019H\u00f4tel Tuc Blanc, vous ne faites pas que dormir. Nous prenons soin de chaque d\u00e9tail pour vous offrir une exp\u00e9rience compl\u00e8te : activit\u00e9s pour tous les \u00e2ges, beaut\u00e9, d\u00e9tente, gastronomie, confort et tout le mat\u00e9riel sans sortir de l\u2019h\u00f4tel. <\/span><\/p>\t            <\/div>        <\/div>\t\t\t\t<\/div>\n\t\t\t\t<\/div>\n\t\t\t\t\t<\/div>\n\t\t\t\t<\/div>\n\t\t<div class=\"elementor-element elementor-element-ffccad9 cs-section-content-fullwidth cs-parallax-on-scroll cs_scroll_y_80 e-flex e-con-boxed e-con e-parent\" data-id=\"ffccad9\" data-element_type=\"container\" data-e-type=\"container\" data-settings=\"{&quot;background_background&quot;:&quot;classic&quot;}\" data-cs-parallax-y=\"80\" style=\"background-image: none;\" data-cs-background-image=\"https:\/\/www.hoteltucblancbaqueira.com\/wp-content\/uploads\/2025\/07\/servicios-hotel-tuc-blanc.webp\">\n\t\t\t\t\t<div class=\"e-con-inner\">\n\t\t\t\t\t<\/div>\n\t\t\t\t<\/div>\n\t\t<div class=\"elementor-element elementor-element-9a1447c e-con-full elementor-hidden-mobile e-flex e-con e-parent\" data-id=\"9a1447c\" data-element_type=\"container\" data-e-type=\"container\">\n\t\t\t\t<div class=\"elementor-element elementor-element-6d6666b e-n-tabs-mobile elementor-widget elementor-widget-n-tabs\" data-id=\"6d6666b\" data-element_type=\"widget\" data-e-type=\"widget\" data-settings=\"{&quot;tabs_justify_horizontal&quot;:&quot;center&quot;,&quot;horizontal_scroll&quot;:&quot;disable&quot;}\" data-widget_type=\"nested-tabs.default\">\n\t\t\t\t\t\t\t<div class=\"e-n-tabs\" data-widget-number=\"114714219\" aria-label=\"Onglets. Ouvrez des \u00e9l\u00e9ments avec Entrer ou Espace, fermez-les avec Echape et naviguez \u00e0 l&#039;aide des touches fl\u00e9ch\u00e9es.\">\n\t\t\t<div class=\"e-n-tabs-heading\" role=\"tablist\">\n\t\t\t\t\t<button id=\"e-n-tab-title-1147142191\" data-tab-title-id=\"e-n-tab-title-1147142191\" class=\"e-n-tab-title\" aria-selected=\"true\" data-tab-index=\"1\" role=\"tab\" tabindex=\"0\" aria-controls=\"e-n-tab-content-1147142191\" style=\"--n-tabs-title-order: 1;\">\n\t\t\t\t\t\t<span class=\"e-n-tab-title-text\">\n\t\t\t\tActivit\u00e9s pour adultes\t\t\t<\/span>\n\t\t<\/button>\n\t\t\t\t<button id=\"e-n-tab-title-1147142192\" data-tab-title-id=\"e-n-tab-title-1147142192\" class=\"e-n-tab-title\" aria-selected=\"false\" data-tab-index=\"2\" role=\"tab\" tabindex=\"-1\" aria-controls=\"e-n-tab-content-1147142192\" style=\"--n-tabs-title-order: 2;\">\n\t\t\t\t\t\t<span class=\"e-n-tab-title-text\">\n\t\t\t\tActivit\u00e9s pour enfants\t\t\t<\/span>\n\t\t<\/button>\n\t\t\t\t<button id=\"e-n-tab-title-1147142193\" data-tab-title-id=\"e-n-tab-title-1147142193\" class=\"e-n-tab-title\" aria-selected=\"false\" data-tab-index=\"3\" role=\"tab\" tabindex=\"-1\" aria-controls=\"e-n-tab-content-1147142193\" style=\"--n-tabs-title-order: 3;\">\n\t\t\t\t\t\t<span class=\"e-n-tab-title-text\">\n\t\t\t\tManger &amp; Boire\t\t\t<\/span>\n\t\t<\/button>\n\t\t\t\t<button id=\"e-n-tab-title-1147142194\" data-tab-title-id=\"e-n-tab-title-1147142194\" class=\"e-n-tab-title\" aria-selected=\"false\" data-tab-index=\"4\" role=\"tab\" tabindex=\"-1\" aria-controls=\"e-n-tab-content-1147142194\" style=\"--n-tabs-title-order: 4;\">\n\t\t\t\t\t\t<span class=\"e-n-tab-title-text\">\n\t\t\t\tParking couvert\t\t\t<\/span>\n\t\t<\/button>\n\t\t\t\t<button id=\"e-n-tab-title-1147142195\" data-tab-title-id=\"e-n-tab-title-1147142195\" class=\"e-n-tab-title\" aria-selected=\"false\" data-tab-index=\"5\" role=\"tab\" tabindex=\"-1\" aria-controls=\"e-n-tab-content-1147142195\" style=\"--n-tabs-title-order: 5;\">\n\t\t\t\t\t\t<span class=\"e-n-tab-title-text\">\n\t\t\t\tLocal \u00e0 skis\t\t\t<\/span>\n\t\t<\/button>\n\t\t\t\t<button id=\"e-n-tab-title-1147142196\" data-tab-title-id=\"e-n-tab-title-1147142196\" class=\"e-n-tab-title\" aria-selected=\"false\" data-tab-index=\"6\" role=\"tab\" tabindex=\"-1\" aria-controls=\"e-n-tab-content-1147142196\" style=\"--n-tabs-title-order: 6;\">\n\t\t\t\t\t\t<span class=\"e-n-tab-title-text\">\n\t\t\t\tSalon de coiffure \u00e0 Baqueira\t\t\t<\/span>\n\t\t<\/button>\n\t\t\t\t<button id=\"e-n-tab-title-1147142197\" data-tab-title-id=\"e-n-tab-title-1147142197\" class=\"e-n-tab-title\" aria-selected=\"false\" data-tab-index=\"7\" role=\"tab\" tabindex=\"-1\" aria-controls=\"e-n-tab-content-1147142197\" style=\"--n-tabs-title-order: 7;\">\n\t\t\t\t\t\t<span class=\"e-n-tab-title-text\">\n\t\t\t\tLocation et \u00e9cole de ski\t\t\t<\/span>\n\t\t<\/button>\n\t\t\t\t\t<\/div>\n\t\t\t<div class=\"e-n-tabs-content\">\n\t\t\t\t<div id=\"e-n-tab-content-1147142191\" role=\"tabpanel\" aria-labelledby=\"e-n-tab-title-1147142191\" data-tab-index=\"1\" style=\"--n-tabs-title-order: 1;\" class=\"e-active elementor-element elementor-element-600308a e-flex e-con-boxed e-con e-child\" data-id=\"600308a\" data-element_type=\"container\" data-e-type=\"container\">\n\t\t\t\t\t<div class=\"e-con-inner\">\n\t\t<div class=\"elementor-element elementor-element-009a170 e-con-full e-flex e-con e-child\" data-id=\"009a170\" data-element_type=\"container\" data-e-type=\"container\">\n\t\t\t\t<div class=\"elementor-element elementor-element-04fd131 elementor-widget elementor-widget-image\" data-id=\"04fd131\" data-element_type=\"widget\" data-e-type=\"widget\" data-widget_type=\"image.default\">\n\t\t\t\t\t\t\t\t\t\t\t\t\t\t\t<img fetchpriority=\"high\" decoding=\"async\" width=\"1200\" height=\"800\" src=\"https:\/\/www.hoteltucblancbaqueira.com\/wp-content\/uploads\/2025\/07\/esqui-baqueira-beret.webp\" class=\"attachment-cozystay_1200x9999 size-cozystay_1200x9999 wp-image-4396\" alt=\"esqui baqueira\" srcset=\"https:\/\/www.hoteltucblancbaqueira.com\/wp-content\/uploads\/2025\/07\/esqui-baqueira-beret.webp 1200w, https:\/\/www.hoteltucblancbaqueira.com\/wp-content\/uploads\/2025\/07\/esqui-baqueira-beret-300x200.webp 300w, https:\/\/www.hoteltucblancbaqueira.com\/wp-content\/uploads\/2025\/07\/esqui-baqueira-beret-1024x683.webp 1024w, https:\/\/www.hoteltucblancbaqueira.com\/wp-content\/uploads\/2025\/07\/esqui-baqueira-beret-768x512.webp 768w, https:\/\/www.hoteltucblancbaqueira.com\/wp-content\/uploads\/2025\/07\/esqui-baqueira-beret-780x520.webp 780w, https:\/\/www.hoteltucblancbaqueira.com\/wp-content\/uploads\/2025\/07\/esqui-baqueira-beret-600x400.webp 600w, https:\/\/www.hoteltucblancbaqueira.com\/wp-content\/uploads\/2025\/07\/esqui-baqueira-beret-550x367.webp 550w, https:\/\/www.hoteltucblancbaqueira.com\/wp-content\/uploads\/2025\/07\/esqui-baqueira-beret-370x247.webp 370w, https:\/\/www.hoteltucblancbaqueira.com\/wp-content\/uploads\/2025\/07\/esqui-baqueira-beret-255x170.webp 255w\" sizes=\"(max-width: 1200px) 100vw, 1200px\" \/>\t\t\t\t\t\t\t\t\t\t\t\t\t\t\t<\/div>\n\t\t\t\t<\/div>\n\t\t<div class=\"elementor-element elementor-element-430d664 e-con-full e-flex e-con e-child\" data-id=\"430d664\" data-element_type=\"container\" data-e-type=\"container\">\n\t\t\t\t<div class=\"elementor-element elementor-element-5aec331 elementor-widget elementor-widget-cs_title\" data-id=\"5aec331\" data-element_type=\"widget\" data-e-type=\"widget\" data-widget_type=\"cs_title.default\">\n\t\t\t\t<div class=\"elementor-widget-container\">\n\t\t\t\t\t\n        <div class=\"cs-title-wrap text-center\">\t            <div class=\"cs-title-text\">\n\t                <p style=\"text-align: left;\"><span style=\"font-weight: 400;\">Chaque jour, nous organisons des activit\u00e9s pour profiter de la montagne, sur les pistes comme en dehors. Des plans tranquilles, des balades, du fun ou un peu de mouvement si vous en avez envie. <\/span><\/p><ul style=\"text-align: left;\"><li style=\"font-weight: 400;\" aria-level=\"1\"><span style=\"font-weight: 400;\">Skiez avec notre \u00e9quipe et d\u00e9couvrez les plus beaux coins de Baqueira \u2013 Beret<\/span><\/li><li style=\"font-weight: 400;\" aria-level=\"1\"><span style=\"font-weight: 400;\">\u00c9tirements apr\u00e8s-ski et s\u00e9ances de yoga<\/span><\/li><li style=\"font-weight: 400;\" aria-level=\"1\"><span style=\"font-weight: 400;\">Balades au coucher du soleil<\/span><\/li><li style=\"font-weight: 400;\" aria-level=\"1\"><span style=\"font-weight: 400;\">Tourn\u00e9e tapas \u00e0 Vielha avec transport inclus<\/span><\/li><li style=\"font-weight: 400;\" aria-level=\"1\"><span style=\"font-weight: 400;\">Visites de villages comme Arties<\/span><\/li><\/ul><p style=\"text-align: left;\"><b>Horaires:<\/b> <span style=\"font-weight: 400;\"><br><\/span><span style=\"font-weight: 400;\">Ski avec nous &#8211; du dimanche au samedi, de 10h00 \u00e0 13h00<\/span><span style=\"font-weight: 400;\"><br><\/span><span style=\"font-weight: 400;\">Activit\u00e9s de l\u2019apr\u00e8s-midi: horaires variables, consulter \u00e0 la r\u00e9ceptio<br><\/span><span style=\"font-weight: 400;\"><br><\/span><b>Activit\u00e9s exclusivement r\u00e9serv\u00e9es aux clients de l\u2019h\u00f4tel<\/b><\/p>\t            <\/div>        <\/div>\t\t\t\t<\/div>\n\t\t\t\t<\/div>\n\t\t\t\t<\/div>\n\t\t\t\t\t<\/div>\n\t\t\t\t<\/div>\n\t\t<div id=\"e-n-tab-content-1147142192\" role=\"tabpanel\" aria-labelledby=\"e-n-tab-title-1147142192\" data-tab-index=\"2\" style=\"--n-tabs-title-order: 2;\" class=\" elementor-element elementor-element-e7ca679 e-flex e-con-boxed e-con e-child\" data-id=\"e7ca679\" data-element_type=\"container\" data-e-type=\"container\">\n\t\t\t\t\t<div class=\"e-con-inner\">\n\t\t<div class=\"elementor-element elementor-element-f6f639a e-con-full e-flex e-con e-child\" data-id=\"f6f639a\" data-element_type=\"container\" data-e-type=\"container\">\n\t\t\t\t<div class=\"elementor-element elementor-element-0f3c477 elementor-widget elementor-widget-image\" data-id=\"0f3c477\" data-element_type=\"widget\" data-e-type=\"widget\" data-widget_type=\"image.default\">\n\t\t\t\t\t\t\t\t\t\t\t\t\t\t\t<img decoding=\"async\" width=\"1200\" height=\"800\" src=\"https:\/\/www.hoteltucblancbaqueira.com\/wp-content\/uploads\/2025\/07\/mini-club-baqueira.webp\" class=\"attachment-cozystay_1200x9999 size-cozystay_1200x9999 wp-image-4399\" alt=\"mini club baqueira\" srcset=\"https:\/\/www.hoteltucblancbaqueira.com\/wp-content\/uploads\/2025\/07\/mini-club-baqueira.webp 1200w, https:\/\/www.hoteltucblancbaqueira.com\/wp-content\/uploads\/2025\/07\/mini-club-baqueira-300x200.webp 300w, https:\/\/www.hoteltucblancbaqueira.com\/wp-content\/uploads\/2025\/07\/mini-club-baqueira-1024x683.webp 1024w, https:\/\/www.hoteltucblancbaqueira.com\/wp-content\/uploads\/2025\/07\/mini-club-baqueira-768x512.webp 768w, https:\/\/www.hoteltucblancbaqueira.com\/wp-content\/uploads\/2025\/07\/mini-club-baqueira-780x520.webp 780w, https:\/\/www.hoteltucblancbaqueira.com\/wp-content\/uploads\/2025\/07\/mini-club-baqueira-600x400.webp 600w, https:\/\/www.hoteltucblancbaqueira.com\/wp-content\/uploads\/2025\/07\/mini-club-baqueira-550x367.webp 550w, https:\/\/www.hoteltucblancbaqueira.com\/wp-content\/uploads\/2025\/07\/mini-club-baqueira-370x247.webp 370w, https:\/\/www.hoteltucblancbaqueira.com\/wp-content\/uploads\/2025\/07\/mini-club-baqueira-255x170.webp 255w\" sizes=\"(max-width: 1200px) 100vw, 1200px\" \/>\t\t\t\t\t\t\t\t\t\t\t\t\t\t\t<\/div>\n\t\t\t\t<\/div>\n\t\t<div class=\"elementor-element elementor-element-5109a88 e-con-full e-flex e-con e-child\" data-id=\"5109a88\" data-element_type=\"container\" data-e-type=\"container\">\n\t\t\t\t<div class=\"elementor-element elementor-element-46b3a3d elementor-widget elementor-widget-cs_title\" data-id=\"46b3a3d\" data-element_type=\"widget\" data-e-type=\"widget\" data-widget_type=\"cs_title.default\">\n\t\t\t\t<div class=\"elementor-widget-container\">\n\t\t\t\t\t\n        <div class=\"cs-title-wrap text-center\">\t            <div class=\"cs-title-text\">\n\t                <p style=\"text-align: left;\"><span style=\"font-weight: 400;\">Pour qu\u2019eux aussi s\u2019amusent, nous proposons des activit\u00e9s dans notre ludoth\u00e8que, pour les enfants de 5 \u00e0 11 ans, encadr\u00e9es par des moniteurs dipl\u00f4m\u00e9s.<\/span><\/p><ul style=\"text-align: left;\"><li style=\"font-weight: 400;\" aria-level=\"1\"><span style=\"font-weight: 400;\">Spectacles pour enfants<\/span><\/li><li style=\"font-weight: 400;\" aria-level=\"1\"><span style=\"font-weight: 400;\">Atelier maquillage<\/span><\/li><li style=\"font-weight: 400;\" aria-level=\"1\"><span style=\"font-weight: 400;\">P\u00e2tisserie cr\u00e9ative<\/span><\/li><li style=\"font-weight: 400;\" aria-level=\"1\"><span style=\"font-weight: 400;\">Jeux et activit\u00e9s nature<\/span><\/li><\/ul><p style=\"text-align: left;\"><b>Horaires:<\/b><span style=\"font-weight: 400;\"> du lundi au samedi, de 17h00 \u00e0 19h00<\/span><span style=\"font-weight: 400;\"><br><\/span><b><br>Activit\u00e9 gratuite r\u00e9serv\u00e9e aux enfants s\u00e9journant \u00e0 l\u2019h\u00f4tel<br><\/b><\/p>\t            <\/div>        <\/div>\t\t\t\t<\/div>\n\t\t\t\t<\/div>\n\t\t\t\t<\/div>\n\t\t\t\t\t<\/div>\n\t\t\t\t<\/div>\n\t\t<div id=\"e-n-tab-content-1147142193\" role=\"tabpanel\" aria-labelledby=\"e-n-tab-title-1147142193\" data-tab-index=\"3\" style=\"--n-tabs-title-order: 3;\" class=\" elementor-element elementor-element-3e62b19 e-flex e-con-boxed e-con e-child\" data-id=\"3e62b19\" data-element_type=\"container\" data-e-type=\"container\">\n\t\t\t\t\t<div class=\"e-con-inner\">\n\t\t<div class=\"elementor-element elementor-element-4f8b698 e-con-full e-flex e-con e-child\" data-id=\"4f8b698\" data-element_type=\"container\" data-e-type=\"container\">\n\t\t\t\t<div class=\"elementor-element elementor-element-62e10c6 elementor-arrows-position-inside elementor-widget elementor-widget-image-carousel\" data-id=\"62e10c6\" data-element_type=\"widget\" data-e-type=\"widget\" data-settings=\"{&quot;slides_to_show&quot;:&quot;1&quot;,&quot;navigation&quot;:&quot;arrows&quot;,&quot;autoplay&quot;:&quot;yes&quot;,&quot;pause_on_hover&quot;:&quot;yes&quot;,&quot;pause_on_interaction&quot;:&quot;yes&quot;,&quot;autoplay_speed&quot;:5000,&quot;infinite&quot;:&quot;yes&quot;,&quot;effect&quot;:&quot;slide&quot;,&quot;speed&quot;:500}\" data-widget_type=\"image-carousel.default\">\n\t\t\t\t\t\t\t<div class=\"elementor-image-carousel-wrapper swiper\" role=\"region\" aria-roledescription=\"carousel\" aria-label=\"Carrusel de im\u00e1genes\" dir=\"ltr\">\n\t\t\t<div class=\"elementor-image-carousel swiper-wrapper\" aria-live=\"off\">\n\t\t\t\t\t\t\t\t<div class=\"swiper-slide\" role=\"group\" aria-roledescription=\"slide\" aria-label=\"1 sur 5\"><figure class=\"swiper-slide-inner\"><img decoding=\"async\" class=\"swiper-slide-image\" src=\"https:\/\/www.hoteltucblancbaqueira.com\/wp-content\/uploads\/2025\/07\/desayuno-buffet-baqueira-1200x800.webp\" alt=\"desayuno buffet baqueira\" \/><\/figure><\/div><div class=\"swiper-slide\" role=\"group\" aria-roledescription=\"slide\" aria-label=\"2 sur 5\"><figure class=\"swiper-slide-inner\"><img decoding=\"async\" class=\"swiper-slide-image\" src=\"https:\/\/www.hoteltucblancbaqueira.com\/wp-content\/uploads\/2025\/07\/restaurante-baqueira-3-1200x800.webp\" alt=\"restaurante baqueira\" \/><\/figure><\/div><div class=\"swiper-slide\" role=\"group\" aria-roledescription=\"slide\" aria-label=\"3 sur 5\"><figure class=\"swiper-slide-inner\"><img decoding=\"async\" class=\"swiper-slide-image\" src=\"https:\/\/www.hoteltucblancbaqueira.com\/wp-content\/uploads\/2025\/07\/restaurante-baqueira-2-1200x800.webp\" alt=\"cafeteria baqueira\" \/><\/figure><\/div><div class=\"swiper-slide\" role=\"group\" aria-roledescription=\"slide\" aria-label=\"4 sur 5\"><figure class=\"swiper-slide-inner\"><img decoding=\"async\" class=\"swiper-slide-image\" src=\"https:\/\/www.hoteltucblancbaqueira.com\/wp-content\/uploads\/2025\/07\/restaurante-baqueira-1-1200x800.webp\" alt=\"restaurante baqueira beret\" \/><\/figure><\/div><div class=\"swiper-slide\" role=\"group\" aria-roledescription=\"slide\" aria-label=\"5 sur 5\"><figure class=\"swiper-slide-inner\"><img decoding=\"async\" class=\"swiper-slide-image\" src=\"https:\/\/www.hoteltucblancbaqueira.com\/wp-content\/uploads\/2025\/07\/restaurante-baqueira-4-1200x800.webp\" alt=\"buffet restaurante baqueira\" \/><\/figure><\/div>\t\t\t<\/div>\n\t\t\t\t\t\t\t\t\t\t\t\t<div class=\"elementor-swiper-button elementor-swiper-button-prev\" role=\"button\" tabindex=\"0\">\n\t\t\t\t\t\t<svg aria-hidden=\"true\" class=\"e-font-icon-svg e-eicon-chevron-left\" viewBox=\"0 0 1000 1000\" xmlns=\"http:\/\/www.w3.org\/2000\/svg\"><path d=\"M646 125C629 125 613 133 604 142L308 442C296 454 292 471 292 487 292 504 296 521 308 533L604 854C617 867 629 875 646 875 663 875 679 871 692 858 704 846 713 829 713 812 713 796 708 779 692 767L438 487 692 225C700 217 708 204 708 187 708 171 704 154 692 142 675 129 663 125 646 125Z\"><\/path><\/svg>\t\t\t\t\t<\/div>\n\t\t\t\t\t<div class=\"elementor-swiper-button elementor-swiper-button-next\" role=\"button\" tabindex=\"0\">\n\t\t\t\t\t\t<svg aria-hidden=\"true\" class=\"e-font-icon-svg e-eicon-chevron-right\" viewBox=\"0 0 1000 1000\" xmlns=\"http:\/\/www.w3.org\/2000\/svg\"><path d=\"M696 533C708 521 713 504 713 487 713 471 708 454 696 446L400 146C388 133 375 125 354 125 338 125 325 129 313 142 300 154 292 171 292 187 292 204 296 221 308 233L563 492 304 771C292 783 288 800 288 817 288 833 296 850 308 863 321 871 338 875 354 875 371 875 388 867 400 854L696 533Z\"><\/path><\/svg>\t\t\t\t\t<\/div>\n\t\t\t\t\n\t\t\t\t\t\t\t\t\t<\/div>\n\t\t\t\t\t\t<\/div>\n\t\t\t\t<\/div>\n\t\t<div class=\"elementor-element elementor-element-369a068 e-con-full e-flex e-con e-child\" data-id=\"369a068\" data-element_type=\"container\" data-e-type=\"container\">\n\t\t\t\t<div class=\"elementor-element elementor-element-4a5d71f elementor-widget elementor-widget-cs_title\" data-id=\"4a5d71f\" data-element_type=\"widget\" data-e-type=\"widget\" data-widget_type=\"cs_title.default\">\n\t\t\t\t<div class=\"elementor-widget-container\">\n\t\t\t\t\t\n        <div class=\"cs-title-wrap text-center\">\t            <div class=\"cs-title-text\">\n\t                <p style=\"text-align: left;\"><span style=\"font-weight: 400;\">\u00c0 l\u2019H\u00f4tel Tuc Blanc, nous prenons la nourriture au s\u00e9rieux d\u00e8s le petit matin. Que vous veniez pour le petit-d\u00e9jeuner ou le d\u00eener, vous trouverez de la qualit\u00e9, de la vari\u00e9t\u00e9 et des options pour tous. <\/span><\/p><ul style=\"text-align: left;\"><li style=\"font-weight: 400;\" aria-level=\"1\"><b>Petit-d\u00e9jeuner buffet<\/b><span style=\"font-weight: 400;\"> avec fruits, pains, produits laitiers, g\u00e2teaux et <\/span><b>show cooking quotidien<\/b><\/li><li style=\"font-weight: 400;\" aria-level=\"1\"><b>D\u00eener buffet<\/b><span style=\"font-weight: 400;\"> avec plats froids, chauds et un menu qui change chaque jour<\/span><\/li><li style=\"font-weight: 400;\" aria-level=\"1\"><b>Caf\u00e9t\u00e9ria et bar<\/b><span style=\"font-weight: 400;\"> dans notre espace <\/span><b>Blanc Bistr\u00f3 &amp; Terrasse<\/b><span style=\"font-weight: 400;\">: id\u00e9al pour un caf\u00e9, un en-cas, un repas, un verre ou simplement vous d\u00e9tendre dans une ambiance chaleureuse avec vue<\/span><\/li><\/ul><p style=\"text-align: left;\"><b>Buffet<\/b><\/p><ul style=\"text-align: left;\"><li style=\"font-weight: 400;\" aria-level=\"1\"><b>Petit-d\u00e9jeuner:<\/b><span style=\"font-weight: 400;\"> 08:00 \u2013 10:30<\/span><\/li><li style=\"font-weight: 400;\" aria-level=\"1\"><b>D\u00eener:<\/b><span style=\"font-weight: 400;\"> 08:00 \u2013 10:30<\/span><\/li><\/ul><p style=\"text-align: left;\"><span style=\"font-weight: 400;\">* Les horaires peuvent varier selon la saison<\/span><\/p><p style=\"text-align: left;\"><b>Bistrot<\/b><\/p><ul style=\"text-align: left;\"><li style=\"font-weight: 400;\" aria-level=\"1\"><b>Terrasse et Bar:<\/b><span style=\"font-weight: 400;\"> 12:00 \u2013 00:00<\/span><\/li><li style=\"font-weight: 400;\" aria-level=\"1\"><b>D\u00e9jeuner :<\/b><span style=\"font-weight: 400;\"> 13:00 \u2013 15:30 <\/span><span style=\"font-weight: 400;\">(menu jusqu\u2019\u00e0 15:00)<\/span><\/li><li style=\"font-weight: 400;\" aria-level=\"1\"><b>D\u00eener:<\/b><span style=\"font-weight: 400;\"> 20:00 &#8211; 22:00 (menu jusqu\u2019\u00e0 21:30) * Uniquement les week-ends et vacances<br><\/span><\/li><\/ul><p style=\"text-align: left;\"><b>Sans r\u00e9servation<\/b><\/p>\t            <\/div>        <\/div>\t\t\t\t<\/div>\n\t\t\t\t<\/div>\n\t\t\t\t<\/div>\n\t\t\t\t\t<\/div>\n\t\t\t\t<\/div>\n\t\t<div id=\"e-n-tab-content-1147142194\" role=\"tabpanel\" aria-labelledby=\"e-n-tab-title-1147142194\" data-tab-index=\"4\" style=\"--n-tabs-title-order: 4;\" class=\" elementor-element elementor-element-7682251 e-flex e-con-boxed e-con e-child\" data-id=\"7682251\" data-element_type=\"container\" data-e-type=\"container\">\n\t\t\t\t\t<div class=\"e-con-inner\">\n\t\t<div class=\"elementor-element elementor-element-38a5595 e-con-full e-flex e-con e-child\" data-id=\"38a5595\" data-element_type=\"container\" data-e-type=\"container\">\n\t\t\t\t<div class=\"elementor-element elementor-element-d66da44 elementor-widget elementor-widget-image\" data-id=\"d66da44\" data-element_type=\"widget\" data-e-type=\"widget\" data-widget_type=\"image.default\">\n\t\t\t\t\t\t\t\t\t\t\t\t\t\t\t<img decoding=\"async\" width=\"1200\" height=\"800\" src=\"https:\/\/www.hoteltucblancbaqueira.com\/wp-content\/uploads\/2025\/07\/parking-baqueira-1200x800.webp\" class=\"attachment-cozystay_1200x9999 size-cozystay_1200x9999 wp-image-4402\" alt=\"hotel parking baqueira\" srcset=\"https:\/\/www.hoteltucblancbaqueira.com\/wp-content\/uploads\/2025\/07\/parking-baqueira-1200x800.webp 1200w, https:\/\/www.hoteltucblancbaqueira.com\/wp-content\/uploads\/2025\/07\/parking-baqueira-300x200.webp 300w, https:\/\/www.hoteltucblancbaqueira.com\/wp-content\/uploads\/2025\/07\/parking-baqueira-1024x683.webp 1024w, https:\/\/www.hoteltucblancbaqueira.com\/wp-content\/uploads\/2025\/07\/parking-baqueira-768x512.webp 768w, https:\/\/www.hoteltucblancbaqueira.com\/wp-content\/uploads\/2025\/07\/parking-baqueira-1536x1024.webp 1536w, https:\/\/www.hoteltucblancbaqueira.com\/wp-content\/uploads\/2025\/07\/parking-baqueira-2048x1366.webp 2048w, https:\/\/www.hoteltucblancbaqueira.com\/wp-content\/uploads\/2025\/07\/parking-baqueira-1920x1281.webp 1920w, https:\/\/www.hoteltucblancbaqueira.com\/wp-content\/uploads\/2025\/07\/parking-baqueira-1440x960.webp 1440w, https:\/\/www.hoteltucblancbaqueira.com\/wp-content\/uploads\/2025\/07\/parking-baqueira-780x520.webp 780w, https:\/\/www.hoteltucblancbaqueira.com\/wp-content\/uploads\/2025\/07\/parking-baqueira-600x400.webp 600w, https:\/\/www.hoteltucblancbaqueira.com\/wp-content\/uploads\/2025\/07\/parking-baqueira-550x367.webp 550w, https:\/\/www.hoteltucblancbaqueira.com\/wp-content\/uploads\/2025\/07\/parking-baqueira-370x247.webp 370w, https:\/\/www.hoteltucblancbaqueira.com\/wp-content\/uploads\/2025\/07\/parking-baqueira-255x170.webp 255w\" sizes=\"(max-width: 1200px) 100vw, 1200px\" \/>\t\t\t\t\t\t\t\t\t\t\t\t\t\t\t<\/div>\n\t\t\t\t<\/div>\n\t\t<div class=\"elementor-element elementor-element-6e0bda4 e-con-full e-flex e-con e-child\" data-id=\"6e0bda4\" data-element_type=\"container\" data-e-type=\"container\">\n\t\t\t\t<div class=\"elementor-element elementor-element-7b3e1cd elementor-widget elementor-widget-cs_title\" data-id=\"7b3e1cd\" data-element_type=\"widget\" data-e-type=\"widget\" data-widget_type=\"cs_title.default\">\n\t\t\t\t<div class=\"elementor-widget-container\">\n\t\t\t\t\t\n        <div class=\"cs-title-wrap text-center\">\t            <div class=\"cs-title-text\">\n\t                <p style=\"text-align: left;\"><span style=\"font-weight: 400;\">L\u2019H\u00f4tel Tuc Blanc dispose d\u2019un parking priv\u00e9 pour que vous puissiez oublier votre voiture d\u00e8s votre arriv\u00e9e.<\/span><\/p><ul><li style=\"font-weight: 400; text-align: left;\" aria-level=\"1\"><span style=\"font-weight: 400;\">Parking couvert dans l\u2019h\u00f4tel : confort absolu sans affronter le froid<\/span><\/li><li style=\"font-weight: 400; text-align: left;\" aria-level=\"1\"><span style=\"font-weight: 400;\">Notre \u00e9quipe vous aide avec vos bagages<\/span><\/li><li style=\"font-weight: 400; text-align: left;\" aria-level=\"1\"><span style=\"font-weight: 400;\">Tarif \u00e0 partir de 22,5\u202f\u20ac\/jour<\/span><\/li><\/ul>\t            <\/div>        <\/div>\t\t\t\t<\/div>\n\t\t\t\t<\/div>\n\t\t\t\t<\/div>\n\t\t\t\t\t<\/div>\n\t\t\t\t<\/div>\n\t\t<div id=\"e-n-tab-content-1147142195\" role=\"tabpanel\" aria-labelledby=\"e-n-tab-title-1147142195\" data-tab-index=\"5\" style=\"--n-tabs-title-order: 5;\" class=\" elementor-element elementor-element-05ea386 e-flex e-con-boxed e-con e-child\" data-id=\"05ea386\" data-element_type=\"container\" data-e-type=\"container\">\n\t\t\t\t\t<div class=\"e-con-inner\">\n\t\t<div class=\"elementor-element elementor-element-1d54107 e-con-full e-flex e-con e-child\" data-id=\"1d54107\" data-element_type=\"container\" data-e-type=\"container\">\n\t\t\t\t<div class=\"elementor-element elementor-element-a6202cb elementor-widget elementor-widget-image\" data-id=\"a6202cb\" data-element_type=\"widget\" data-e-type=\"widget\" data-widget_type=\"image.default\">\n\t\t\t\t\t\t\t\t\t\t\t\t\t\t\t<img loading=\"lazy\" decoding=\"async\" width=\"1200\" height=\"800\" src=\"https:\/\/www.hoteltucblancbaqueira.com\/wp-content\/uploads\/2025\/07\/guardaesquis-baqueira-1200x800.webp\" class=\"attachment-cozystay_1200x9999 size-cozystay_1200x9999 wp-image-4405\" alt=\"guarda esquis baqueira\" srcset=\"https:\/\/www.hoteltucblancbaqueira.com\/wp-content\/uploads\/2025\/07\/guardaesquis-baqueira-1200x800.webp 1200w, https:\/\/www.hoteltucblancbaqueira.com\/wp-content\/uploads\/2025\/07\/guardaesquis-baqueira-300x200.webp 300w, https:\/\/www.hoteltucblancbaqueira.com\/wp-content\/uploads\/2025\/07\/guardaesquis-baqueira-1024x683.webp 1024w, https:\/\/www.hoteltucblancbaqueira.com\/wp-content\/uploads\/2025\/07\/guardaesquis-baqueira-768x512.webp 768w, https:\/\/www.hoteltucblancbaqueira.com\/wp-content\/uploads\/2025\/07\/guardaesquis-baqueira-1536x1024.webp 1536w, https:\/\/www.hoteltucblancbaqueira.com\/wp-content\/uploads\/2025\/07\/guardaesquis-baqueira-2048x1365.webp 2048w, https:\/\/www.hoteltucblancbaqueira.com\/wp-content\/uploads\/2025\/07\/guardaesquis-baqueira-1920x1280.webp 1920w, https:\/\/www.hoteltucblancbaqueira.com\/wp-content\/uploads\/2025\/07\/guardaesquis-baqueira-1440x960.webp 1440w, https:\/\/www.hoteltucblancbaqueira.com\/wp-content\/uploads\/2025\/07\/guardaesquis-baqueira-780x520.webp 780w, https:\/\/www.hoteltucblancbaqueira.com\/wp-content\/uploads\/2025\/07\/guardaesquis-baqueira-600x400.webp 600w, https:\/\/www.hoteltucblancbaqueira.com\/wp-content\/uploads\/2025\/07\/guardaesquis-baqueira-550x367.webp 550w, https:\/\/www.hoteltucblancbaqueira.com\/wp-content\/uploads\/2025\/07\/guardaesquis-baqueira-370x247.webp 370w, https:\/\/www.hoteltucblancbaqueira.com\/wp-content\/uploads\/2025\/07\/guardaesquis-baqueira-255x170.webp 255w\" sizes=\"(max-width: 1200px) 100vw, 1200px\" \/>\t\t\t\t\t\t\t\t\t\t\t\t\t\t\t<\/div>\n\t\t\t\t<\/div>\n\t\t<div class=\"elementor-element elementor-element-21d2de7 e-con-full e-flex e-con e-child\" data-id=\"21d2de7\" data-element_type=\"container\" data-e-type=\"container\">\n\t\t\t\t<div class=\"elementor-element elementor-element-0748866 elementor-widget elementor-widget-cs_title\" data-id=\"0748866\" data-element_type=\"widget\" data-e-type=\"widget\" data-widget_type=\"cs_title.default\">\n\t\t\t\t<div class=\"elementor-widget-container\">\n\t\t\t\t\t\n        <div class=\"cs-title-wrap text-center\">\t            <div class=\"cs-title-text\">\n\t                <p style=\"text-align: left;\"><span style=\"font-weight: 400;\">\u00c0 l\u2019H\u00f4tel Tuc Blanc, chaque client a son propre casier \u00e0 skis au niveau 0 pour entreposer son \u00e9quipement facilement.<\/span><\/p><ul><li style=\"font-weight: 400; text-align: left;\" aria-level=\"1\"><span style=\"font-weight: 400;\">Chauffage nocturne : chaussures s\u00e8ches et chaudes tous les matins<\/span><\/li><li style=\"font-weight: 400; text-align: left;\" aria-level=\"1\"><span style=\"font-weight: 400;\">Emplacement id\u00e9al : \u00e0 quelques m\u00e8tres de la t\u00e9l\u00e9cabine, sans traverser l\u2019h\u00f4tel avec le mat\u00e9riel<\/span><\/li><\/ul>\t            <\/div>        <\/div>\t\t\t\t<\/div>\n\t\t\t\t<\/div>\n\t\t\t\t<\/div>\n\t\t\t\t\t<\/div>\n\t\t\t\t<\/div>\n\t\t<div id=\"e-n-tab-content-1147142196\" role=\"tabpanel\" aria-labelledby=\"e-n-tab-title-1147142196\" data-tab-index=\"6\" style=\"--n-tabs-title-order: 6;\" class=\" elementor-element elementor-element-eb40233 e-flex e-con-boxed e-con e-child\" data-id=\"eb40233\" data-element_type=\"container\" data-e-type=\"container\">\n\t\t\t\t\t<div class=\"e-con-inner\">\n\t\t<div class=\"elementor-element elementor-element-2ee7019 e-con-full e-flex e-con e-child\" data-id=\"2ee7019\" data-element_type=\"container\" data-e-type=\"container\">\n\t\t\t\t<div class=\"elementor-element elementor-element-c52bdbf elementor-widget elementor-widget-image\" data-id=\"c52bdbf\" data-element_type=\"widget\" data-e-type=\"widget\" data-widget_type=\"image.default\">\n\t\t\t\t\t\t\t\t\t\t\t\t\t\t\t<img loading=\"lazy\" decoding=\"async\" width=\"1200\" height=\"800\" src=\"https:\/\/www.hoteltucblancbaqueira.com\/wp-content\/uploads\/2025\/07\/peluqueria-baqueira-1200x800.webp\" class=\"attachment-cozystay_1200x9999 size-cozystay_1200x9999 wp-image-4408\" alt=\"peluqueria baqueira\" srcset=\"https:\/\/www.hoteltucblancbaqueira.com\/wp-content\/uploads\/2025\/07\/peluqueria-baqueira-1200x800.webp 1200w, https:\/\/www.hoteltucblancbaqueira.com\/wp-content\/uploads\/2025\/07\/peluqueria-baqueira-300x200.webp 300w, https:\/\/www.hoteltucblancbaqueira.com\/wp-content\/uploads\/2025\/07\/peluqueria-baqueira-1024x683.webp 1024w, https:\/\/www.hoteltucblancbaqueira.com\/wp-content\/uploads\/2025\/07\/peluqueria-baqueira-768x512.webp 768w, https:\/\/www.hoteltucblancbaqueira.com\/wp-content\/uploads\/2025\/07\/peluqueria-baqueira-1536x1024.webp 1536w, https:\/\/www.hoteltucblancbaqueira.com\/wp-content\/uploads\/2025\/07\/peluqueria-baqueira-2048x1365.webp 2048w, https:\/\/www.hoteltucblancbaqueira.com\/wp-content\/uploads\/2025\/07\/peluqueria-baqueira-1920x1280.webp 1920w, https:\/\/www.hoteltucblancbaqueira.com\/wp-content\/uploads\/2025\/07\/peluqueria-baqueira-1440x960.webp 1440w, https:\/\/www.hoteltucblancbaqueira.com\/wp-content\/uploads\/2025\/07\/peluqueria-baqueira-780x520.webp 780w, https:\/\/www.hoteltucblancbaqueira.com\/wp-content\/uploads\/2025\/07\/peluqueria-baqueira-600x400.webp 600w, https:\/\/www.hoteltucblancbaqueira.com\/wp-content\/uploads\/2025\/07\/peluqueria-baqueira-550x367.webp 550w, https:\/\/www.hoteltucblancbaqueira.com\/wp-content\/uploads\/2025\/07\/peluqueria-baqueira-370x247.webp 370w, https:\/\/www.hoteltucblancbaqueira.com\/wp-content\/uploads\/2025\/07\/peluqueria-baqueira-255x170.webp 255w\" sizes=\"(max-width: 1200px) 100vw, 1200px\" \/>\t\t\t\t\t\t\t\t\t\t\t\t\t\t\t<\/div>\n\t\t\t\t<\/div>\n\t\t<div class=\"elementor-element elementor-element-39de5df e-con-full e-flex e-con e-child\" data-id=\"39de5df\" data-element_type=\"container\" data-e-type=\"container\">\n\t\t\t\t<div class=\"elementor-element elementor-element-bc4874c elementor-widget elementor-widget-cs_title\" data-id=\"bc4874c\" data-element_type=\"widget\" data-e-type=\"widget\" data-widget_type=\"cs_title.default\">\n\t\t\t\t<div class=\"elementor-widget-container\">\n\t\t\t\t\t\n        <div class=\"cs-title-wrap text-center\">\t            <div class=\"cs-title-text\">\n\t                <p style=\"text-align: left;\"><span style=\"font-weight: 400;\">Vous cherchez un salon de coiffure \u00e0 Baqueira ? \u00c0 l\u2019H\u00f4tel Tuc Blanc, vous trouverez  <\/span><b>Beauty Baqueira<\/b><span style=\"font-weight: 400;\">, un espace d\u00e9di\u00e9 aux soins capillaires et esth\u00e9tiques.<\/span><\/p><ul style=\"text-align: left;\"><li style=\"font-weight: 400;\" aria-level=\"1\"><span style=\"font-weight: 400;\">Coloriste experte en<\/span> <b>m\u00e8ches et correction de couleur<\/b><\/li><li style=\"font-weight: 400;\" aria-level=\"1\"><b>Soins capillaires <\/b><span style=\"font-weight: 400;\">nourrissants et r\u00e9parateurs<\/span><\/li><li style=\"font-weight: 400;\" aria-level=\"1\"><b>Coiffure et maquillage<\/b><span style=\"font-weight: 400;\"> pour \u00e9v\u00e9nements, d\u00eeners ou s\u00e9ances photos<\/span><\/li><\/ul><p style=\"text-align: left;\"><b>Horaires:<\/b><span style=\"font-weight: 400;\"> selon disponibilit\u00e9<\/span><span style=\"font-weight: 400;\"><br><\/span><b>R\u00e9servations:<\/b><span style=\"font-weight: 400;\"> +34 633 785 548<\/span><\/p>\t            <\/div>        <\/div>\t\t\t\t<\/div>\n\t\t\t\t<\/div>\n\t\t\t\t<\/div>\n\t\t\t\t\t<\/div>\n\t\t\t\t<\/div>\n\t\t<div id=\"e-n-tab-content-1147142197\" role=\"tabpanel\" aria-labelledby=\"e-n-tab-title-1147142197\" data-tab-index=\"7\" style=\"--n-tabs-title-order: 7;\" class=\" elementor-element elementor-element-38182c7 e-flex e-con-boxed e-con e-child\" data-id=\"38182c7\" data-element_type=\"container\" data-e-type=\"container\">\n\t\t\t\t\t<div class=\"e-con-inner\">\n\t\t<div class=\"elementor-element elementor-element-9f11723 e-con-full e-flex e-con e-child\" data-id=\"9f11723\" data-element_type=\"container\" data-e-type=\"container\">\n\t\t\t\t<div class=\"elementor-element elementor-element-b235fa9 elementor-widget elementor-widget-image\" data-id=\"b235fa9\" data-element_type=\"widget\" data-e-type=\"widget\" data-widget_type=\"image.default\">\n\t\t\t\t\t\t\t\t\t\t\t\t\t\t\t<img loading=\"lazy\" decoding=\"async\" width=\"1200\" height=\"800\" src=\"https:\/\/www.hoteltucblancbaqueira.com\/wp-content\/uploads\/2025\/07\/alquiler-esqui-baqueira-1200x800.webp\" class=\"attachment-cozystay_1200x9999 size-cozystay_1200x9999 wp-image-4411\" alt=\"alquiler esqui baqueira\" srcset=\"https:\/\/www.hoteltucblancbaqueira.com\/wp-content\/uploads\/2025\/07\/alquiler-esqui-baqueira-1200x800.webp 1200w, https:\/\/www.hoteltucblancbaqueira.com\/wp-content\/uploads\/2025\/07\/alquiler-esqui-baqueira-300x200.webp 300w, https:\/\/www.hoteltucblancbaqueira.com\/wp-content\/uploads\/2025\/07\/alquiler-esqui-baqueira-1024x683.webp 1024w, https:\/\/www.hoteltucblancbaqueira.com\/wp-content\/uploads\/2025\/07\/alquiler-esqui-baqueira-768x512.webp 768w, https:\/\/www.hoteltucblancbaqueira.com\/wp-content\/uploads\/2025\/07\/alquiler-esqui-baqueira-1536x1024.webp 1536w, https:\/\/www.hoteltucblancbaqueira.com\/wp-content\/uploads\/2025\/07\/alquiler-esqui-baqueira-2048x1366.webp 2048w, https:\/\/www.hoteltucblancbaqueira.com\/wp-content\/uploads\/2025\/07\/alquiler-esqui-baqueira-1920x1281.webp 1920w, https:\/\/www.hoteltucblancbaqueira.com\/wp-content\/uploads\/2025\/07\/alquiler-esqui-baqueira-1440x960.webp 1440w, https:\/\/www.hoteltucblancbaqueira.com\/wp-content\/uploads\/2025\/07\/alquiler-esqui-baqueira-780x520.webp 780w, https:\/\/www.hoteltucblancbaqueira.com\/wp-content\/uploads\/2025\/07\/alquiler-esqui-baqueira-600x400.webp 600w, https:\/\/www.hoteltucblancbaqueira.com\/wp-content\/uploads\/2025\/07\/alquiler-esqui-baqueira-550x367.webp 550w, https:\/\/www.hoteltucblancbaqueira.com\/wp-content\/uploads\/2025\/07\/alquiler-esqui-baqueira-370x247.webp 370w, https:\/\/www.hoteltucblancbaqueira.com\/wp-content\/uploads\/2025\/07\/alquiler-esqui-baqueira-255x170.webp 255w\" sizes=\"(max-width: 1200px) 100vw, 1200px\" \/>\t\t\t\t\t\t\t\t\t\t\t\t\t\t\t<\/div>\n\t\t\t\t<\/div>\n\t\t<div class=\"elementor-element elementor-element-b0015e2 e-con-full e-flex e-con e-child\" data-id=\"b0015e2\" data-element_type=\"container\" data-e-type=\"container\">\n\t\t\t\t<div class=\"elementor-element elementor-element-d674465 elementor-widget elementor-widget-cs_title\" data-id=\"d674465\" data-element_type=\"widget\" data-e-type=\"widget\" data-widget_type=\"cs_title.default\">\n\t\t\t\t<div class=\"elementor-widget-container\">\n\t\t\t\t\t\n        <div class=\"cs-title-wrap text-center\">\t            <div class=\"cs-title-text\">\n\t                <p style=\"text-align: left;\"><span style=\"font-weight: 400;\">Dans l\u2019h\u00f4tel, vous trouverez une boutique Cuyl\u00e0s pour louer votre mat\u00e9riel de ski ou snowboard, r\u00e9server des cours ou acheter ce que vous avez oubli\u00e9.<\/span><\/p><ul style=\"text-align: left;\"><li style=\"font-weight: 400;\" aria-level=\"1\"><span style=\"font-weight: 400;\">Location de mat\u00e9riel de ski et snowboard<\/span><\/li><li style=\"font-weight: 400;\" aria-level=\"1\"><span style=\"font-weight: 400;\">Cours de ski et snowboard<\/span><\/li><li style=\"font-weight: 400;\" aria-level=\"1\"><span style=\"font-weight: 400;\">Accessoires techniques<\/span><\/li><li style=\"font-weight: 400;\" aria-level=\"1\"><span style=\"font-weight: 400;\">R\u00e9servez sans quitter l\u2019h\u00f4tel<\/span><\/li><\/ul><p style=\"text-align: left;\"><b><span style=\"font-weight: 400;\"><br><\/span><\/b><span style=\"text-decoration: underline;\"><strong>Horaires Cuyl\u00e0s Tuc Blanc<\/strong><\/span><b><br><\/b><strong>Lundi<\/strong>: 08:30 &#8211; 13:30 \/ 14:00 &#8211; 19:00<br><strong>Mardi \u00e0 jeudi<\/strong>: 08:30 &#8211; 19:00<br><strong>Vendredi \u00e0 dimanche<\/strong>: 08:30 &#8211; 20:00<\/p><p style=\"text-align: left;\"><b><span style=\"font-weight: 400;\"> <strong>T\u00e9l\u00e9phone :<\/strong> +34 932 172 190<\/span><\/b><\/p>\t            <\/div>        <\/div>\t\t\t\t<\/div>\n\t\t\t\t<\/div>\n\t\t\t\t<\/div>\n\t\t\t\t\t<\/div>\n\t\t\t\t<\/div>\n\t\t\t\t\t<\/div>\n\t\t<\/div>\n\t\t\t\t\t\t<\/div>\n\t\t\t\t<\/div>\n\t\t<div class=\"elementor-element elementor-element-79a8ae4 e-con-full elementor-hidden-desktop elementor-hidden-tablet e-flex e-con e-parent\" data-id=\"79a8ae4\" data-element_type=\"container\" data-e-type=\"container\">\n\t\t\t\t<div class=\"elementor-element elementor-element-4c0ac6f elementor-widget elementor-widget-n-accordion\" data-id=\"4c0ac6f\" data-element_type=\"widget\" data-e-type=\"widget\" data-settings=\"{&quot;default_state&quot;:&quot;all_collapsed&quot;,&quot;max_items_expended&quot;:&quot;one&quot;,&quot;n_accordion_animation_duration&quot;:{&quot;unit&quot;:&quot;ms&quot;,&quot;size&quot;:400,&quot;sizes&quot;:[]}}\" data-widget_type=\"nested-accordion.default\">\n\t\t\t\t\t\t\t<div class=\"e-n-accordion\" aria-label=\"Accordion. Open links with Enter or Space, close with Escape, and navigate with Arrow Keys\">\n\t\t\t\t\t\t<details id=\"e-n-accordion-item-7970\" class=\"e-n-accordion-item\" >\n\t\t\t\t<summary class=\"e-n-accordion-item-title\" data-accordion-index=\"1\" tabindex=\"0\" aria-expanded=\"false\" aria-controls=\"e-n-accordion-item-7970\" >\n\t\t\t\t\t<span class='e-n-accordion-item-title-header'><div class=\"e-n-accordion-item-title-text\"> Activit\u00e9s pour adultes <\/div><\/span>\n\t\t\t\t\t\t\t<span class='e-n-accordion-item-title-icon'>\n\t\t\t<span class='e-opened' ><svg aria-hidden=\"true\" class=\"e-font-icon-svg e-fas-minus\" viewBox=\"0 0 448 512\" xmlns=\"http:\/\/www.w3.org\/2000\/svg\"><path d=\"M416 208H32c-17.67 0-32 14.33-32 32v32c0 17.67 14.33 32 32 32h384c17.67 0 32-14.33 32-32v-32c0-17.67-14.33-32-32-32z\"><\/path><\/svg><\/span>\n\t\t\t<span class='e-closed'><svg aria-hidden=\"true\" class=\"e-font-icon-svg e-fas-plus\" viewBox=\"0 0 448 512\" xmlns=\"http:\/\/www.w3.org\/2000\/svg\"><path d=\"M416 208H272V64c0-17.67-14.33-32-32-32h-32c-17.67 0-32 14.33-32 32v144H32c-17.67 0-32 14.33-32 32v32c0 17.67 14.33 32 32 32h144v144c0 17.67 14.33 32 32 32h32c17.67 0 32-14.33 32-32V304h144c17.67 0 32-14.33 32-32v-32c0-17.67-14.33-32-32-32z\"><\/path><\/svg><\/span>\n\t\t<\/span>\n\n\t\t\t\t\t\t<\/summary>\n\t\t\t\t<div role=\"region\" aria-labelledby=\"e-n-accordion-item-7970\" class=\"elementor-element elementor-element-2efa2b9 e-con-full e-flex e-con e-child\" data-id=\"2efa2b9\" data-element_type=\"container\" data-e-type=\"container\">\n\t\t\t\t<div class=\"elementor-element elementor-element-448fd3c elementor-widget elementor-widget-image\" data-id=\"448fd3c\" data-element_type=\"widget\" data-e-type=\"widget\" data-widget_type=\"image.default\">\n\t\t\t\t\t\t\t\t\t\t\t\t\t\t\t<img loading=\"lazy\" decoding=\"async\" width=\"1024\" height=\"683\" src=\"https:\/\/www.hoteltucblancbaqueira.com\/wp-content\/uploads\/2025\/07\/esqui-baqueira-beret-1024x683.webp\" class=\"attachment-large size-large wp-image-4396\" alt=\"esqui baqueira\" srcset=\"https:\/\/www.hoteltucblancbaqueira.com\/wp-content\/uploads\/2025\/07\/esqui-baqueira-beret-1024x683.webp 1024w, https:\/\/www.hoteltucblancbaqueira.com\/wp-content\/uploads\/2025\/07\/esqui-baqueira-beret-300x200.webp 300w, https:\/\/www.hoteltucblancbaqueira.com\/wp-content\/uploads\/2025\/07\/esqui-baqueira-beret-768x512.webp 768w, https:\/\/www.hoteltucblancbaqueira.com\/wp-content\/uploads\/2025\/07\/esqui-baqueira-beret-780x520.webp 780w, https:\/\/www.hoteltucblancbaqueira.com\/wp-content\/uploads\/2025\/07\/esqui-baqueira-beret-600x400.webp 600w, https:\/\/www.hoteltucblancbaqueira.com\/wp-content\/uploads\/2025\/07\/esqui-baqueira-beret-550x367.webp 550w, https:\/\/www.hoteltucblancbaqueira.com\/wp-content\/uploads\/2025\/07\/esqui-baqueira-beret-370x247.webp 370w, https:\/\/www.hoteltucblancbaqueira.com\/wp-content\/uploads\/2025\/07\/esqui-baqueira-beret-255x170.webp 255w, https:\/\/www.hoteltucblancbaqueira.com\/wp-content\/uploads\/2025\/07\/esqui-baqueira-beret.webp 1200w\" sizes=\"(max-width: 1024px) 100vw, 1024px\" \/>\t\t\t\t\t\t\t\t\t\t\t\t\t\t\t<\/div>\n\t\t\t\t<div class=\"elementor-element elementor-element-5671638 elementor-widget elementor-widget-cs_title\" data-id=\"5671638\" data-element_type=\"widget\" data-e-type=\"widget\" data-widget_type=\"cs_title.default\">\n\t\t\t\t<div class=\"elementor-widget-container\">\n\t\t\t\t\t\n        <div class=\"cs-title-wrap text-center\">\t            <div class=\"cs-title-text\">\n\t                <p style=\"text-align: left;\"><span style=\"font-weight: 400;\">Chaque jour, nous organisons des activit\u00e9s pour profiter de la montagne, sur les pistes comme en dehors. Des plans tranquilles, des balades, du fun ou un peu de mouvement si vous en avez envie. <\/span><\/p><ul style=\"text-align: left;\"><li style=\"font-weight: 400;\" aria-level=\"1\"><span style=\"font-weight: 400;\">Skiez avec notre \u00e9quipe et d\u00e9couvrez les plus beaux coins de Baqueira \u2013 Beret<\/span><\/li><li style=\"font-weight: 400;\" aria-level=\"1\"><span style=\"font-weight: 400;\">\u00c9tirements apr\u00e8s-ski et s\u00e9ances de yoga<\/span><\/li><li style=\"font-weight: 400;\" aria-level=\"1\"><span style=\"font-weight: 400;\">Balades au coucher du soleil<\/span><\/li><li style=\"font-weight: 400;\" aria-level=\"1\"><span style=\"font-weight: 400;\">Tourn\u00e9e tapas \u00e0 Vielha avec transport inclus<\/span><\/li><li style=\"font-weight: 400;\" aria-level=\"1\"><span style=\"font-weight: 400;\">Visites de villages comme Arties<\/span><\/li><\/ul><p style=\"text-align: left;\"><b>Horaires:<\/b> <span style=\"font-weight: 400;\"><br><\/span><span style=\"font-weight: 400;\">Ski avec nous &#8211; du dimanche au samedi, de 10h00 \u00e0 13h00<\/span><span style=\"font-weight: 400;\"><br><\/span><span style=\"font-weight: 400;\">Activit\u00e9s de l\u2019apr\u00e8s-midi: horaires variables, consulter \u00e0 la r\u00e9ceptio<br><\/span><span style=\"font-weight: 400;\"><br><\/span><b>Activit\u00e9s exclusivement r\u00e9serv\u00e9es aux clients de l\u2019h\u00f4tel<\/b><\/p>\t            <\/div>        <\/div>\t\t\t\t<\/div>\n\t\t\t\t<\/div>\n\t\t\t\t<\/div>\n\t\t\t\t\t<\/details>\n\t\t\t\t\t\t<details id=\"e-n-accordion-item-7971\" class=\"e-n-accordion-item\" >\n\t\t\t\t<summary class=\"e-n-accordion-item-title\" data-accordion-index=\"2\" tabindex=\"-1\" aria-expanded=\"false\" aria-controls=\"e-n-accordion-item-7971\" >\n\t\t\t\t\t<span class='e-n-accordion-item-title-header'><div class=\"e-n-accordion-item-title-text\"> Activit\u00e9s pour enfants <\/div><\/span>\n\t\t\t\t\t\t\t<span class='e-n-accordion-item-title-icon'>\n\t\t\t<span class='e-opened' ><svg aria-hidden=\"true\" class=\"e-font-icon-svg e-fas-minus\" viewBox=\"0 0 448 512\" xmlns=\"http:\/\/www.w3.org\/2000\/svg\"><path d=\"M416 208H32c-17.67 0-32 14.33-32 32v32c0 17.67 14.33 32 32 32h384c17.67 0 32-14.33 32-32v-32c0-17.67-14.33-32-32-32z\"><\/path><\/svg><\/span>\n\t\t\t<span class='e-closed'><svg aria-hidden=\"true\" class=\"e-font-icon-svg e-fas-plus\" viewBox=\"0 0 448 512\" xmlns=\"http:\/\/www.w3.org\/2000\/svg\"><path d=\"M416 208H272V64c0-17.67-14.33-32-32-32h-32c-17.67 0-32 14.33-32 32v144H32c-17.67 0-32 14.33-32 32v32c0 17.67 14.33 32 32 32h144v144c0 17.67 14.33 32 32 32h32c17.67 0 32-14.33 32-32V304h144c17.67 0 32-14.33 32-32v-32c0-17.67-14.33-32-32-32z\"><\/path><\/svg><\/span>\n\t\t<\/span>\n\n\t\t\t\t\t\t<\/summary>\n\t\t\t\t<div role=\"region\" aria-labelledby=\"e-n-accordion-item-7971\" class=\"elementor-element elementor-element-f805fb3 e-con-full e-flex e-con e-child\" data-id=\"f805fb3\" data-element_type=\"container\" data-e-type=\"container\">\n\t\t\t\t<div class=\"elementor-element elementor-element-ed7ea58 elementor-widget elementor-widget-image\" data-id=\"ed7ea58\" data-element_type=\"widget\" data-e-type=\"widget\" data-widget_type=\"image.default\">\n\t\t\t\t\t\t\t\t\t\t\t\t\t\t\t<img loading=\"lazy\" decoding=\"async\" width=\"1024\" height=\"683\" src=\"https:\/\/www.hoteltucblancbaqueira.com\/wp-content\/uploads\/2025\/07\/mini-club-baqueira-1024x683.webp\" class=\"attachment-large size-large wp-image-4399\" alt=\"mini club baqueira\" srcset=\"https:\/\/www.hoteltucblancbaqueira.com\/wp-content\/uploads\/2025\/07\/mini-club-baqueira-1024x683.webp 1024w, https:\/\/www.hoteltucblancbaqueira.com\/wp-content\/uploads\/2025\/07\/mini-club-baqueira-300x200.webp 300w, https:\/\/www.hoteltucblancbaqueira.com\/wp-content\/uploads\/2025\/07\/mini-club-baqueira-768x512.webp 768w, https:\/\/www.hoteltucblancbaqueira.com\/wp-content\/uploads\/2025\/07\/mini-club-baqueira-780x520.webp 780w, https:\/\/www.hoteltucblancbaqueira.com\/wp-content\/uploads\/2025\/07\/mini-club-baqueira-600x400.webp 600w, https:\/\/www.hoteltucblancbaqueira.com\/wp-content\/uploads\/2025\/07\/mini-club-baqueira-550x367.webp 550w, https:\/\/www.hoteltucblancbaqueira.com\/wp-content\/uploads\/2025\/07\/mini-club-baqueira-370x247.webp 370w, https:\/\/www.hoteltucblancbaqueira.com\/wp-content\/uploads\/2025\/07\/mini-club-baqueira-255x170.webp 255w, https:\/\/www.hoteltucblancbaqueira.com\/wp-content\/uploads\/2025\/07\/mini-club-baqueira.webp 1200w\" sizes=\"(max-width: 1024px) 100vw, 1024px\" \/>\t\t\t\t\t\t\t\t\t\t\t\t\t\t\t<\/div>\n\t\t\t\t<div class=\"elementor-element elementor-element-b09022d elementor-widget elementor-widget-cs_title\" data-id=\"b09022d\" data-element_type=\"widget\" data-e-type=\"widget\" data-widget_type=\"cs_title.default\">\n\t\t\t\t<div class=\"elementor-widget-container\">\n\t\t\t\t\t\n        <div class=\"cs-title-wrap text-center\">\t            <div class=\"cs-title-text\">\n\t                <p style=\"text-align: left;\"><span style=\"font-weight: 400;\">Pour qu\u2019eux aussi s\u2019amusent, nous proposons des activit\u00e9s dans notre ludoth\u00e8que, pour les enfants de 5 \u00e0 11 ans, encadr\u00e9es par des moniteurs dipl\u00f4m\u00e9s.<\/span><\/p><ul style=\"text-align: left;\"><li style=\"font-weight: 400;\" aria-level=\"1\"><span style=\"font-weight: 400;\">Spectacles pour enfants<\/span><\/li><li style=\"font-weight: 400;\" aria-level=\"1\"><span style=\"font-weight: 400;\">Atelier maquillage<\/span><\/li><li style=\"font-weight: 400;\" aria-level=\"1\"><span style=\"font-weight: 400;\">P\u00e2tisserie cr\u00e9ative<\/span><\/li><li style=\"font-weight: 400;\" aria-level=\"1\"><span style=\"font-weight: 400;\">Jeux et activit\u00e9s nature<\/span><\/li><\/ul><p style=\"text-align: left;\"><b>Horaires:<\/b><span style=\"font-weight: 400;\"> du lundi au samedi, de 17h00 \u00e0 19h00<\/span><span style=\"font-weight: 400;\"><br><\/span><b><br>Activit\u00e9 gratuite r\u00e9serv\u00e9e aux enfants s\u00e9journant \u00e0 l\u2019h\u00f4tel<br><\/b><\/p>\t            <\/div>        <\/div>\t\t\t\t<\/div>\n\t\t\t\t<\/div>\n\t\t\t\t<\/div>\n\t\t\t\t\t<\/details>\n\t\t\t\t\t\t<details id=\"e-n-accordion-item-7972\" class=\"e-n-accordion-item\" >\n\t\t\t\t<summary class=\"e-n-accordion-item-title\" data-accordion-index=\"3\" tabindex=\"-1\" aria-expanded=\"false\" aria-controls=\"e-n-accordion-item-7972\" >\n\t\t\t\t\t<span class='e-n-accordion-item-title-header'><div class=\"e-n-accordion-item-title-text\"> Manger &amp; Boire <\/div><\/span>\n\t\t\t\t\t\t\t<span class='e-n-accordion-item-title-icon'>\n\t\t\t<span class='e-opened' ><svg aria-hidden=\"true\" class=\"e-font-icon-svg e-fas-minus\" viewBox=\"0 0 448 512\" xmlns=\"http:\/\/www.w3.org\/2000\/svg\"><path d=\"M416 208H32c-17.67 0-32 14.33-32 32v32c0 17.67 14.33 32 32 32h384c17.67 0 32-14.33 32-32v-32c0-17.67-14.33-32-32-32z\"><\/path><\/svg><\/span>\n\t\t\t<span class='e-closed'><svg aria-hidden=\"true\" class=\"e-font-icon-svg e-fas-plus\" viewBox=\"0 0 448 512\" xmlns=\"http:\/\/www.w3.org\/2000\/svg\"><path d=\"M416 208H272V64c0-17.67-14.33-32-32-32h-32c-17.67 0-32 14.33-32 32v144H32c-17.67 0-32 14.33-32 32v32c0 17.67 14.33 32 32 32h144v144c0 17.67 14.33 32 32 32h32c17.67 0 32-14.33 32-32V304h144c17.67 0 32-14.33 32-32v-32c0-17.67-14.33-32-32-32z\"><\/path><\/svg><\/span>\n\t\t<\/span>\n\n\t\t\t\t\t\t<\/summary>\n\t\t\t\t<div role=\"region\" aria-labelledby=\"e-n-accordion-item-7972\" class=\"elementor-element elementor-element-c8542a3 e-con-full e-flex e-con e-child\" data-id=\"c8542a3\" data-element_type=\"container\" data-e-type=\"container\">\n\t\t\t\t<div class=\"elementor-element elementor-element-d7b469b elementor-arrows-position-inside elementor-widget elementor-widget-image-carousel\" data-id=\"d7b469b\" data-element_type=\"widget\" data-e-type=\"widget\" data-settings=\"{&quot;slides_to_show&quot;:&quot;1&quot;,&quot;navigation&quot;:&quot;arrows&quot;,&quot;autoplay&quot;:&quot;yes&quot;,&quot;pause_on_hover&quot;:&quot;yes&quot;,&quot;pause_on_interaction&quot;:&quot;yes&quot;,&quot;autoplay_speed&quot;:5000,&quot;infinite&quot;:&quot;yes&quot;,&quot;effect&quot;:&quot;slide&quot;,&quot;speed&quot;:500}\" data-widget_type=\"image-carousel.default\">\n\t\t\t\t\t\t\t<div class=\"elementor-image-carousel-wrapper swiper\" role=\"region\" aria-roledescription=\"carousel\" aria-label=\"Carrusel de im\u00e1genes\" dir=\"ltr\">\n\t\t\t<div class=\"elementor-image-carousel swiper-wrapper\" aria-live=\"off\">\n\t\t\t\t\t\t\t\t<div class=\"swiper-slide\" role=\"group\" aria-roledescription=\"slide\" aria-label=\"1 sur 3\"><figure class=\"swiper-slide-inner\"><img decoding=\"async\" class=\"swiper-slide-image\" src=\"https:\/\/www.hoteltucblancbaqueira.com\/wp-content\/uploads\/2025\/07\/alquiler-esqui-baqueira-1200x800.webp\" alt=\"alquiler esqui baqueira\" \/><\/figure><\/div><div class=\"swiper-slide\" role=\"group\" aria-roledescription=\"slide\" aria-label=\"2 sur 3\"><figure class=\"swiper-slide-inner\"><img decoding=\"async\" class=\"swiper-slide-image\" src=\"https:\/\/www.hoteltucblancbaqueira.com\/wp-content\/uploads\/2025\/07\/peluqueria-baqueira-1200x800.webp\" alt=\"peluqueria baqueira\" \/><\/figure><\/div><div class=\"swiper-slide\" role=\"group\" aria-roledescription=\"slide\" aria-label=\"3 sur 3\"><figure class=\"swiper-slide-inner\"><img decoding=\"async\" class=\"swiper-slide-image\" src=\"https:\/\/www.hoteltucblancbaqueira.com\/wp-content\/uploads\/2025\/07\/guardaesquis-baqueira-1200x800.webp\" alt=\"guarda esquis baqueira\" \/><\/figure><\/div>\t\t\t<\/div>\n\t\t\t\t\t\t\t\t\t\t\t\t<div class=\"elementor-swiper-button elementor-swiper-button-prev\" role=\"button\" tabindex=\"0\">\n\t\t\t\t\t\t<svg aria-hidden=\"true\" class=\"e-font-icon-svg e-eicon-chevron-left\" viewBox=\"0 0 1000 1000\" xmlns=\"http:\/\/www.w3.org\/2000\/svg\"><path d=\"M646 125C629 125 613 133 604 142L308 442C296 454 292 471 292 487 292 504 296 521 308 533L604 854C617 867 629 875 646 875 663 875 679 871 692 858 704 846 713 829 713 812 713 796 708 779 692 767L438 487 692 225C700 217 708 204 708 187 708 171 704 154 692 142 675 129 663 125 646 125Z\"><\/path><\/svg>\t\t\t\t\t<\/div>\n\t\t\t\t\t<div class=\"elementor-swiper-button elementor-swiper-button-next\" role=\"button\" tabindex=\"0\">\n\t\t\t\t\t\t<svg aria-hidden=\"true\" class=\"e-font-icon-svg e-eicon-chevron-right\" viewBox=\"0 0 1000 1000\" xmlns=\"http:\/\/www.w3.org\/2000\/svg\"><path d=\"M696 533C708 521 713 504 713 487 713 471 708 454 696 446L400 146C388 133 375 125 354 125 338 125 325 129 313 142 300 154 292 171 292 187 292 204 296 221 308 233L563 492 304 771C292 783 288 800 288 817 288 833 296 850 308 863 321 871 338 875 354 875 371 875 388 867 400 854L696 533Z\"><\/path><\/svg>\t\t\t\t\t<\/div>\n\t\t\t\t\n\t\t\t\t\t\t\t\t\t<\/div>\n\t\t\t\t\t\t<\/div>\n\t\t\t\t<div class=\"elementor-element elementor-element-fb14721 elementor-widget elementor-widget-cs_title\" data-id=\"fb14721\" data-element_type=\"widget\" data-e-type=\"widget\" data-widget_type=\"cs_title.default\">\n\t\t\t\t<div class=\"elementor-widget-container\">\n\t\t\t\t\t\n        <div class=\"cs-title-wrap text-center\">\t            <div class=\"cs-title-text\">\n\t                <p style=\"text-align: left;\"><span style=\"font-weight: 400;\">\u00c0 l\u2019H\u00f4tel Tuc Blanc, nous prenons la nourriture au s\u00e9rieux d\u00e8s le petit matin. Que vous veniez pour le petit-d\u00e9jeuner ou le d\u00eener, vous trouverez de la qualit\u00e9, de la vari\u00e9t\u00e9 et des options pour tous. <\/span><\/p><ul style=\"text-align: left;\"><li style=\"font-weight: 400;\" aria-level=\"1\"><b>Petit-d\u00e9jeuner buffet<\/b><span style=\"font-weight: 400;\"> avec fruits, pains, produits laitiers, g\u00e2teaux et <\/span><b>show cooking quotidien<\/b><\/li><li style=\"font-weight: 400;\" aria-level=\"1\"><b>D\u00eener buffet<\/b><span style=\"font-weight: 400;\"> avec plats froids, chauds et un menu qui change chaque jour<\/span><\/li><li style=\"font-weight: 400;\" aria-level=\"1\"><b>Caf\u00e9t\u00e9ria et bar<\/b><span style=\"font-weight: 400;\"> dans notre espace <\/span><b>Blanc Bistr\u00f3 &amp; Terrasse<\/b><span style=\"font-weight: 400;\">: id\u00e9al pour un caf\u00e9, un en-cas, un repas, un verre ou simplement vous d\u00e9tendre dans une ambiance chaleureuse avec vue<\/span><\/li><\/ul><p style=\"text-align: left;\"><b>Buffet<\/b><\/p><ul style=\"text-align: left;\"><li style=\"font-weight: 400;\" aria-level=\"1\"><b>Petit-d\u00e9jeuner:<\/b><span style=\"font-weight: 400;\"> 08:00 \u2013 10:30<\/span><\/li><li style=\"font-weight: 400;\" aria-level=\"1\"><b>D\u00eener:<\/b><span style=\"font-weight: 400;\"> 08:00 \u2013 10:30<\/span><\/li><\/ul><p style=\"text-align: left;\"><span style=\"font-weight: 400;\">* Les horaires peuvent varier selon la saison<\/span><\/p><p style=\"text-align: left;\"><b>Bistrot<\/b><\/p><ul style=\"text-align: left;\"><li style=\"font-weight: 400;\" aria-level=\"1\"><b>Terrasse et Bar:<\/b><span style=\"font-weight: 400;\"> 12:00 \u2013 00:00<\/span><\/li><li style=\"font-weight: 400;\" aria-level=\"1\"><b>D\u00e9jeuner :<\/b><span style=\"font-weight: 400;\"> 13:00 \u2013 15:30 <\/span><span style=\"font-weight: 400;\">(menu jusqu\u2019\u00e0 15:00)<\/span><\/li><li style=\"font-weight: 400;\" aria-level=\"1\"><b>D\u00eener:<\/b><span style=\"font-weight: 400;\"> 20:00 &#8211; 22:00 (menu jusqu\u2019\u00e0 21:30) * Uniquement les week-ends et vacances<br><\/span><\/li><\/ul><p style=\"text-align: left;\"><b>Sans r\u00e9servation<\/b><\/p>\t            <\/div>        <\/div>\t\t\t\t<\/div>\n\t\t\t\t<\/div>\n\t\t\t\t<\/div>\n\t\t\t\t\t<\/details>\n\t\t\t\t\t\t<details id=\"e-n-accordion-item-7973\" class=\"e-n-accordion-item\" >\n\t\t\t\t<summary class=\"e-n-accordion-item-title\" data-accordion-index=\"4\" tabindex=\"-1\" aria-expanded=\"false\" aria-controls=\"e-n-accordion-item-7973\" >\n\t\t\t\t\t<span class='e-n-accordion-item-title-header'><div class=\"e-n-accordion-item-title-text\"> Parking couvert <\/div><\/span>\n\t\t\t\t\t\t\t<span class='e-n-accordion-item-title-icon'>\n\t\t\t<span class='e-opened' ><svg aria-hidden=\"true\" class=\"e-font-icon-svg e-fas-minus\" viewBox=\"0 0 448 512\" xmlns=\"http:\/\/www.w3.org\/2000\/svg\"><path d=\"M416 208H32c-17.67 0-32 14.33-32 32v32c0 17.67 14.33 32 32 32h384c17.67 0 32-14.33 32-32v-32c0-17.67-14.33-32-32-32z\"><\/path><\/svg><\/span>\n\t\t\t<span class='e-closed'><svg aria-hidden=\"true\" class=\"e-font-icon-svg e-fas-plus\" viewBox=\"0 0 448 512\" xmlns=\"http:\/\/www.w3.org\/2000\/svg\"><path d=\"M416 208H272V64c0-17.67-14.33-32-32-32h-32c-17.67 0-32 14.33-32 32v144H32c-17.67 0-32 14.33-32 32v32c0 17.67 14.33 32 32 32h144v144c0 17.67 14.33 32 32 32h32c17.67 0 32-14.33 32-32V304h144c17.67 0 32-14.33 32-32v-32c0-17.67-14.33-32-32-32z\"><\/path><\/svg><\/span>\n\t\t<\/span>\n\n\t\t\t\t\t\t<\/summary>\n\t\t\t\t<div role=\"region\" aria-labelledby=\"e-n-accordion-item-7973\" class=\"elementor-element elementor-element-b2d6cd1 e-flex e-con-boxed e-con e-child\" data-id=\"b2d6cd1\" data-element_type=\"container\" data-e-type=\"container\">\n\t\t\t\t\t<div class=\"e-con-inner\">\n\t\t\t\t<div class=\"elementor-element elementor-element-c57b778 elementor-widget elementor-widget-image\" data-id=\"c57b778\" data-element_type=\"widget\" data-e-type=\"widget\" data-widget_type=\"image.default\">\n\t\t\t\t\t\t\t\t\t\t\t\t\t\t\t<img decoding=\"async\" width=\"1200\" height=\"800\" src=\"https:\/\/www.hoteltucblancbaqueira.com\/wp-content\/uploads\/2025\/07\/parking-baqueira-1200x800.webp\" class=\"attachment-cozystay_1200x9999 size-cozystay_1200x9999 wp-image-4402\" alt=\"hotel parking baqueira\" srcset=\"https:\/\/www.hoteltucblancbaqueira.com\/wp-content\/uploads\/2025\/07\/parking-baqueira-1200x800.webp 1200w, https:\/\/www.hoteltucblancbaqueira.com\/wp-content\/uploads\/2025\/07\/parking-baqueira-300x200.webp 300w, https:\/\/www.hoteltucblancbaqueira.com\/wp-content\/uploads\/2025\/07\/parking-baqueira-1024x683.webp 1024w, https:\/\/www.hoteltucblancbaqueira.com\/wp-content\/uploads\/2025\/07\/parking-baqueira-768x512.webp 768w, https:\/\/www.hoteltucblancbaqueira.com\/wp-content\/uploads\/2025\/07\/parking-baqueira-1536x1024.webp 1536w, https:\/\/www.hoteltucblancbaqueira.com\/wp-content\/uploads\/2025\/07\/parking-baqueira-2048x1366.webp 2048w, https:\/\/www.hoteltucblancbaqueira.com\/wp-content\/uploads\/2025\/07\/parking-baqueira-1920x1281.webp 1920w, https:\/\/www.hoteltucblancbaqueira.com\/wp-content\/uploads\/2025\/07\/parking-baqueira-1440x960.webp 1440w, https:\/\/www.hoteltucblancbaqueira.com\/wp-content\/uploads\/2025\/07\/parking-baqueira-780x520.webp 780w, https:\/\/www.hoteltucblancbaqueira.com\/wp-content\/uploads\/2025\/07\/parking-baqueira-600x400.webp 600w, https:\/\/www.hoteltucblancbaqueira.com\/wp-content\/uploads\/2025\/07\/parking-baqueira-550x367.webp 550w, https:\/\/www.hoteltucblancbaqueira.com\/wp-content\/uploads\/2025\/07\/parking-baqueira-370x247.webp 370w, https:\/\/www.hoteltucblancbaqueira.com\/wp-content\/uploads\/2025\/07\/parking-baqueira-255x170.webp 255w\" sizes=\"(max-width: 1200px) 100vw, 1200px\" \/>\t\t\t\t\t\t\t\t\t\t\t\t\t\t\t<\/div>\n\t\t\t\t<div class=\"elementor-element elementor-element-cec957d elementor-widget elementor-widget-cs_title\" data-id=\"cec957d\" data-element_type=\"widget\" data-e-type=\"widget\" data-widget_type=\"cs_title.default\">\n\t\t\t\t<div class=\"elementor-widget-container\">\n\t\t\t\t\t\n        <div class=\"cs-title-wrap text-center\">\t            <div class=\"cs-title-text\">\n\t                <p style=\"text-align: left;\"><span style=\"font-weight: 400;\">L\u2019H\u00f4tel Tuc Blanc dispose d\u2019un parking priv\u00e9 pour que vous puissiez oublier votre voiture d\u00e8s votre arriv\u00e9e.<\/span><\/p><ul><li style=\"font-weight: 400; text-align: left;\" aria-level=\"1\"><span style=\"font-weight: 400;\">Parking couvert dans l\u2019h\u00f4tel : confort absolu sans affronter le froid<\/span><\/li><li style=\"font-weight: 400; text-align: left;\" aria-level=\"1\"><span style=\"font-weight: 400;\">Notre \u00e9quipe vous aide avec vos bagages<\/span><\/li><li style=\"font-weight: 400; text-align: left;\" aria-level=\"1\"><span style=\"font-weight: 400;\">Tarif \u00e0 partir de 22,5\u202f\u20ac\/jour<\/span><\/li><\/ul>\t            <\/div>        <\/div>\t\t\t\t<\/div>\n\t\t\t\t<\/div>\n\t\t\t\t\t<\/div>\n\t\t\t\t<\/div>\n\t\t\t\t\t<\/details>\n\t\t\t\t\t\t<details id=\"e-n-accordion-item-7974\" class=\"e-n-accordion-item\" >\n\t\t\t\t<summary class=\"e-n-accordion-item-title\" data-accordion-index=\"5\" tabindex=\"-1\" aria-expanded=\"false\" aria-controls=\"e-n-accordion-item-7974\" >\n\t\t\t\t\t<span class='e-n-accordion-item-title-header'><div class=\"e-n-accordion-item-title-text\"> Local \u00e0 skis <\/div><\/span>\n\t\t\t\t\t\t\t<span class='e-n-accordion-item-title-icon'>\n\t\t\t<span class='e-opened' ><svg aria-hidden=\"true\" class=\"e-font-icon-svg e-fas-minus\" viewBox=\"0 0 448 512\" xmlns=\"http:\/\/www.w3.org\/2000\/svg\"><path d=\"M416 208H32c-17.67 0-32 14.33-32 32v32c0 17.67 14.33 32 32 32h384c17.67 0 32-14.33 32-32v-32c0-17.67-14.33-32-32-32z\"><\/path><\/svg><\/span>\n\t\t\t<span class='e-closed'><svg aria-hidden=\"true\" class=\"e-font-icon-svg e-fas-plus\" viewBox=\"0 0 448 512\" xmlns=\"http:\/\/www.w3.org\/2000\/svg\"><path d=\"M416 208H272V64c0-17.67-14.33-32-32-32h-32c-17.67 0-32 14.33-32 32v144H32c-17.67 0-32 14.33-32 32v32c0 17.67 14.33 32 32 32h144v144c0 17.67 14.33 32 32 32h32c17.67 0 32-14.33 32-32V304h144c17.67 0 32-14.33 32-32v-32c0-17.67-14.33-32-32-32z\"><\/path><\/svg><\/span>\n\t\t<\/span>\n\n\t\t\t\t\t\t<\/summary>\n\t\t\t\t<div role=\"region\" aria-labelledby=\"e-n-accordion-item-7974\" class=\"elementor-element elementor-element-5cbc13d e-flex e-con-boxed e-con e-child\" data-id=\"5cbc13d\" data-element_type=\"container\" data-e-type=\"container\">\n\t\t\t\t\t<div class=\"e-con-inner\">\n\t\t\t\t<div class=\"elementor-element elementor-element-da4d7be elementor-widget elementor-widget-image\" data-id=\"da4d7be\" data-element_type=\"widget\" data-e-type=\"widget\" data-widget_type=\"image.default\">\n\t\t\t\t\t\t\t\t\t\t\t\t\t\t\t<img loading=\"lazy\" decoding=\"async\" width=\"1200\" height=\"800\" src=\"https:\/\/www.hoteltucblancbaqueira.com\/wp-content\/uploads\/2025\/07\/guardaesquis-baqueira-1200x800.webp\" class=\"attachment-cozystay_1200x9999 size-cozystay_1200x9999 wp-image-4405\" alt=\"guarda esquis baqueira\" srcset=\"https:\/\/www.hoteltucblancbaqueira.com\/wp-content\/uploads\/2025\/07\/guardaesquis-baqueira-1200x800.webp 1200w, https:\/\/www.hoteltucblancbaqueira.com\/wp-content\/uploads\/2025\/07\/guardaesquis-baqueira-300x200.webp 300w, https:\/\/www.hoteltucblancbaqueira.com\/wp-content\/uploads\/2025\/07\/guardaesquis-baqueira-1024x683.webp 1024w, https:\/\/www.hoteltucblancbaqueira.com\/wp-content\/uploads\/2025\/07\/guardaesquis-baqueira-768x512.webp 768w, https:\/\/www.hoteltucblancbaqueira.com\/wp-content\/uploads\/2025\/07\/guardaesquis-baqueira-1536x1024.webp 1536w, https:\/\/www.hoteltucblancbaqueira.com\/wp-content\/uploads\/2025\/07\/guardaesquis-baqueira-2048x1365.webp 2048w, https:\/\/www.hoteltucblancbaqueira.com\/wp-content\/uploads\/2025\/07\/guardaesquis-baqueira-1920x1280.webp 1920w, https:\/\/www.hoteltucblancbaqueira.com\/wp-content\/uploads\/2025\/07\/guardaesquis-baqueira-1440x960.webp 1440w, https:\/\/www.hoteltucblancbaqueira.com\/wp-content\/uploads\/2025\/07\/guardaesquis-baqueira-780x520.webp 780w, https:\/\/www.hoteltucblancbaqueira.com\/wp-content\/uploads\/2025\/07\/guardaesquis-baqueira-600x400.webp 600w, https:\/\/www.hoteltucblancbaqueira.com\/wp-content\/uploads\/2025\/07\/guardaesquis-baqueira-550x367.webp 550w, https:\/\/www.hoteltucblancbaqueira.com\/wp-content\/uploads\/2025\/07\/guardaesquis-baqueira-370x247.webp 370w, https:\/\/www.hoteltucblancbaqueira.com\/wp-content\/uploads\/2025\/07\/guardaesquis-baqueira-255x170.webp 255w\" sizes=\"(max-width: 1200px) 100vw, 1200px\" \/>\t\t\t\t\t\t\t\t\t\t\t\t\t\t\t<\/div>\n\t\t\t\t<div class=\"elementor-element elementor-element-3409350 elementor-widget elementor-widget-cs_title\" data-id=\"3409350\" data-element_type=\"widget\" data-e-type=\"widget\" data-widget_type=\"cs_title.default\">\n\t\t\t\t<div class=\"elementor-widget-container\">\n\t\t\t\t\t\n        <div class=\"cs-title-wrap text-center\">\t            <div class=\"cs-title-text\">\n\t                <p style=\"text-align: left;\"><span style=\"font-weight: 400;\">\u00c0 l\u2019H\u00f4tel Tuc Blanc, chaque client a son propre casier \u00e0 skis au niveau 0 pour entreposer son \u00e9quipement facilement.<\/span><\/p><ul><li style=\"font-weight: 400; text-align: left;\" aria-level=\"1\"><span style=\"font-weight: 400;\">Chauffage nocturne : chaussures s\u00e8ches et chaudes tous les matins<\/span><\/li><li style=\"font-weight: 400; text-align: left;\" aria-level=\"1\"><span style=\"font-weight: 400;\">Emplacement id\u00e9al : \u00e0 quelques m\u00e8tres de la t\u00e9l\u00e9cabine, sans traverser l\u2019h\u00f4tel avec le mat\u00e9riel<\/span><\/li><\/ul>\t            <\/div>        <\/div>\t\t\t\t<\/div>\n\t\t\t\t<\/div>\n\t\t\t\t\t<\/div>\n\t\t\t\t<\/div>\n\t\t\t\t\t<\/details>\n\t\t\t\t\t\t<details id=\"e-n-accordion-item-7975\" class=\"e-n-accordion-item\" >\n\t\t\t\t<summary class=\"e-n-accordion-item-title\" data-accordion-index=\"6\" tabindex=\"-1\" aria-expanded=\"false\" aria-controls=\"e-n-accordion-item-7975\" >\n\t\t\t\t\t<span class='e-n-accordion-item-title-header'><div class=\"e-n-accordion-item-title-text\"> Salon de coiffure \u00e0 Baqueira <\/div><\/span>\n\t\t\t\t\t\t\t<span class='e-n-accordion-item-title-icon'>\n\t\t\t<span class='e-opened' ><svg aria-hidden=\"true\" class=\"e-font-icon-svg e-fas-minus\" viewBox=\"0 0 448 512\" xmlns=\"http:\/\/www.w3.org\/2000\/svg\"><path d=\"M416 208H32c-17.67 0-32 14.33-32 32v32c0 17.67 14.33 32 32 32h384c17.67 0 32-14.33 32-32v-32c0-17.67-14.33-32-32-32z\"><\/path><\/svg><\/span>\n\t\t\t<span class='e-closed'><svg aria-hidden=\"true\" class=\"e-font-icon-svg e-fas-plus\" viewBox=\"0 0 448 512\" xmlns=\"http:\/\/www.w3.org\/2000\/svg\"><path d=\"M416 208H272V64c0-17.67-14.33-32-32-32h-32c-17.67 0-32 14.33-32 32v144H32c-17.67 0-32 14.33-32 32v32c0 17.67 14.33 32 32 32h144v144c0 17.67 14.33 32 32 32h32c17.67 0 32-14.33 32-32V304h144c17.67 0 32-14.33 32-32v-32c0-17.67-14.33-32-32-32z\"><\/path><\/svg><\/span>\n\t\t<\/span>\n\n\t\t\t\t\t\t<\/summary>\n\t\t\t\t<div role=\"region\" aria-labelledby=\"e-n-accordion-item-7975\" class=\"elementor-element elementor-element-cb3ddd2 e-flex e-con-boxed e-con e-child\" data-id=\"cb3ddd2\" data-element_type=\"container\" data-e-type=\"container\">\n\t\t\t\t\t<div class=\"e-con-inner\">\n\t\t\t\t<div class=\"elementor-element elementor-element-c8117b9 elementor-widget elementor-widget-image\" data-id=\"c8117b9\" data-element_type=\"widget\" data-e-type=\"widget\" data-widget_type=\"image.default\">\n\t\t\t\t\t\t\t\t\t\t\t\t\t\t\t<img loading=\"lazy\" decoding=\"async\" width=\"1200\" height=\"800\" src=\"https:\/\/www.hoteltucblancbaqueira.com\/wp-content\/uploads\/2025\/07\/peluqueria-baqueira-1200x800.webp\" class=\"attachment-cozystay_1200x9999 size-cozystay_1200x9999 wp-image-4408\" alt=\"peluqueria baqueira\" srcset=\"https:\/\/www.hoteltucblancbaqueira.com\/wp-content\/uploads\/2025\/07\/peluqueria-baqueira-1200x800.webp 1200w, https:\/\/www.hoteltucblancbaqueira.com\/wp-content\/uploads\/2025\/07\/peluqueria-baqueira-300x200.webp 300w, https:\/\/www.hoteltucblancbaqueira.com\/wp-content\/uploads\/2025\/07\/peluqueria-baqueira-1024x683.webp 1024w, https:\/\/www.hoteltucblancbaqueira.com\/wp-content\/uploads\/2025\/07\/peluqueria-baqueira-768x512.webp 768w, https:\/\/www.hoteltucblancbaqueira.com\/wp-content\/uploads\/2025\/07\/peluqueria-baqueira-1536x1024.webp 1536w, https:\/\/www.hoteltucblancbaqueira.com\/wp-content\/uploads\/2025\/07\/peluqueria-baqueira-2048x1365.webp 2048w, https:\/\/www.hoteltucblancbaqueira.com\/wp-content\/uploads\/2025\/07\/peluqueria-baqueira-1920x1280.webp 1920w, https:\/\/www.hoteltucblancbaqueira.com\/wp-content\/uploads\/2025\/07\/peluqueria-baqueira-1440x960.webp 1440w, https:\/\/www.hoteltucblancbaqueira.com\/wp-content\/uploads\/2025\/07\/peluqueria-baqueira-780x520.webp 780w, https:\/\/www.hoteltucblancbaqueira.com\/wp-content\/uploads\/2025\/07\/peluqueria-baqueira-600x400.webp 600w, https:\/\/www.hoteltucblancbaqueira.com\/wp-content\/uploads\/2025\/07\/peluqueria-baqueira-550x367.webp 550w, https:\/\/www.hoteltucblancbaqueira.com\/wp-content\/uploads\/2025\/07\/peluqueria-baqueira-370x247.webp 370w, https:\/\/www.hoteltucblancbaqueira.com\/wp-content\/uploads\/2025\/07\/peluqueria-baqueira-255x170.webp 255w\" sizes=\"(max-width: 1200px) 100vw, 1200px\" \/>\t\t\t\t\t\t\t\t\t\t\t\t\t\t\t<\/div>\n\t\t\t\t<div class=\"elementor-element elementor-element-ed0e3fd elementor-widget elementor-widget-cs_title\" data-id=\"ed0e3fd\" data-element_type=\"widget\" data-e-type=\"widget\" data-widget_type=\"cs_title.default\">\n\t\t\t\t<div class=\"elementor-widget-container\">\n\t\t\t\t\t\n        <div class=\"cs-title-wrap text-center\">\t            <div class=\"cs-title-text\">\n\t                <p style=\"text-align: left;\"><span style=\"font-weight: 400;\">Vous cherchez un salon de coiffure \u00e0 Baqueira ? \u00c0 l\u2019H\u00f4tel Tuc Blanc, vous trouverez  <\/span><b>Beauty Baqueira<\/b><span style=\"font-weight: 400;\">, un espace d\u00e9di\u00e9 aux soins capillaires et esth\u00e9tiques.<\/span><\/p><ul style=\"text-align: left;\"><li style=\"font-weight: 400;\" aria-level=\"1\"><span style=\"font-weight: 400;\">Coloriste experte en<\/span> <b>m\u00e8ches et correction de couleur<\/b><\/li><li style=\"font-weight: 400;\" aria-level=\"1\"><b>Soins capillaires <\/b><span style=\"font-weight: 400;\">nourrissants et r\u00e9parateurs<\/span><\/li><li style=\"font-weight: 400;\" aria-level=\"1\"><b>Coiffure et maquillage<\/b><span style=\"font-weight: 400;\"> pour \u00e9v\u00e9nements, d\u00eeners ou s\u00e9ances photos<\/span><\/li><\/ul><p style=\"text-align: left;\"><b>Horaires:<\/b><span style=\"font-weight: 400;\"> selon disponibilit\u00e9<\/span><span style=\"font-weight: 400;\"><br><\/span><b>R\u00e9servations:<\/b><span style=\"font-weight: 400;\"> +34 633 785 548<\/span><\/p>\t            <\/div>        <\/div>\t\t\t\t<\/div>\n\t\t\t\t<\/div>\n\t\t\t\t\t<\/div>\n\t\t\t\t<\/div>\n\t\t\t\t\t<\/details>\n\t\t\t\t\t\t<details id=\"e-n-accordion-item-7976\" class=\"e-n-accordion-item\" >\n\t\t\t\t<summary class=\"e-n-accordion-item-title\" data-accordion-index=\"7\" tabindex=\"-1\" aria-expanded=\"false\" aria-controls=\"e-n-accordion-item-7976\" >\n\t\t\t\t\t<span class='e-n-accordion-item-title-header'><div class=\"e-n-accordion-item-title-text\"> Location et \u00e9cole de ski <\/div><\/span>\n\t\t\t\t\t\t\t<span class='e-n-accordion-item-title-icon'>\n\t\t\t<span class='e-opened' ><svg aria-hidden=\"true\" class=\"e-font-icon-svg e-fas-minus\" viewBox=\"0 0 448 512\" xmlns=\"http:\/\/www.w3.org\/2000\/svg\"><path d=\"M416 208H32c-17.67 0-32 14.33-32 32v32c0 17.67 14.33 32 32 32h384c17.67 0 32-14.33 32-32v-32c0-17.67-14.33-32-32-32z\"><\/path><\/svg><\/span>\n\t\t\t<span class='e-closed'><svg aria-hidden=\"true\" class=\"e-font-icon-svg e-fas-plus\" viewBox=\"0 0 448 512\" xmlns=\"http:\/\/www.w3.org\/2000\/svg\"><path d=\"M416 208H272V64c0-17.67-14.33-32-32-32h-32c-17.67 0-32 14.33-32 32v144H32c-17.67 0-32 14.33-32 32v32c0 17.67 14.33 32 32 32h144v144c0 17.67 14.33 32 32 32h32c17.67 0 32-14.33 32-32V304h144c17.67 0 32-14.33 32-32v-32c0-17.67-14.33-32-32-32z\"><\/path><\/svg><\/span>\n\t\t<\/span>\n\n\t\t\t\t\t\t<\/summary>\n\t\t\t\t<div role=\"region\" aria-labelledby=\"e-n-accordion-item-7976\" class=\"elementor-element elementor-element-0c199ac e-flex e-con-boxed e-con e-child\" data-id=\"0c199ac\" data-element_type=\"container\" data-e-type=\"container\">\n\t\t\t\t\t<div class=\"e-con-inner\">\n\t\t\t\t<div class=\"elementor-element elementor-element-10a2503 elementor-widget elementor-widget-image\" data-id=\"10a2503\" data-element_type=\"widget\" data-e-type=\"widget\" data-widget_type=\"image.default\">\n\t\t\t\t\t\t\t\t\t\t\t\t\t\t\t<img loading=\"lazy\" decoding=\"async\" width=\"1200\" height=\"800\" src=\"https:\/\/www.hoteltucblancbaqueira.com\/wp-content\/uploads\/2025\/07\/alquiler-esqui-baqueira-1200x800.webp\" class=\"attachment-cozystay_1200x9999 size-cozystay_1200x9999 wp-image-4411\" alt=\"alquiler esqui baqueira\" srcset=\"https:\/\/www.hoteltucblancbaqueira.com\/wp-content\/uploads\/2025\/07\/alquiler-esqui-baqueira-1200x800.webp 1200w, https:\/\/www.hoteltucblancbaqueira.com\/wp-content\/uploads\/2025\/07\/alquiler-esqui-baqueira-300x200.webp 300w, https:\/\/www.hoteltucblancbaqueira.com\/wp-content\/uploads\/2025\/07\/alquiler-esqui-baqueira-1024x683.webp 1024w, https:\/\/www.hoteltucblancbaqueira.com\/wp-content\/uploads\/2025\/07\/alquiler-esqui-baqueira-768x512.webp 768w, https:\/\/www.hoteltucblancbaqueira.com\/wp-content\/uploads\/2025\/07\/alquiler-esqui-baqueira-1536x1024.webp 1536w, https:\/\/www.hoteltucblancbaqueira.com\/wp-content\/uploads\/2025\/07\/alquiler-esqui-baqueira-2048x1366.webp 2048w, https:\/\/www.hoteltucblancbaqueira.com\/wp-content\/uploads\/2025\/07\/alquiler-esqui-baqueira-1920x1281.webp 1920w, https:\/\/www.hoteltucblancbaqueira.com\/wp-content\/uploads\/2025\/07\/alquiler-esqui-baqueira-1440x960.webp 1440w, https:\/\/www.hoteltucblancbaqueira.com\/wp-content\/uploads\/2025\/07\/alquiler-esqui-baqueira-780x520.webp 780w, https:\/\/www.hoteltucblancbaqueira.com\/wp-content\/uploads\/2025\/07\/alquiler-esqui-baqueira-600x400.webp 600w, https:\/\/www.hoteltucblancbaqueira.com\/wp-content\/uploads\/2025\/07\/alquiler-esqui-baqueira-550x367.webp 550w, https:\/\/www.hoteltucblancbaqueira.com\/wp-content\/uploads\/2025\/07\/alquiler-esqui-baqueira-370x247.webp 370w, https:\/\/www.hoteltucblancbaqueira.com\/wp-content\/uploads\/2025\/07\/alquiler-esqui-baqueira-255x170.webp 255w\" sizes=\"(max-width: 1200px) 100vw, 1200px\" \/>\t\t\t\t\t\t\t\t\t\t\t\t\t\t\t<\/div>\n\t\t\t\t<div class=\"elementor-element elementor-element-2a126eb elementor-widget elementor-widget-cs_title\" data-id=\"2a126eb\" data-element_type=\"widget\" data-e-type=\"widget\" data-widget_type=\"cs_title.default\">\n\t\t\t\t<div class=\"elementor-widget-container\">\n\t\t\t\t\t\n        <div class=\"cs-title-wrap text-center\">\t            <div class=\"cs-title-text\">\n\t                <p style=\"text-align: left;\"><span style=\"font-weight: 400;\">Dans l\u2019h\u00f4tel, vous trouverez une boutique Cuyl\u00e0s pour louer votre mat\u00e9riel de ski ou snowboard, r\u00e9server des cours ou acheter ce que vous avez oubli\u00e9.<\/span><\/p><ul style=\"text-align: left;\"><li style=\"font-weight: 400;\" aria-level=\"1\"><span style=\"font-weight: 400;\">Location de mat\u00e9riel de ski et snowboard<\/span><\/li><li style=\"font-weight: 400;\" aria-level=\"1\"><span style=\"font-weight: 400;\">Cours de ski et snowboard<\/span><\/li><li style=\"font-weight: 400;\" aria-level=\"1\"><span style=\"font-weight: 400;\">Accessoires techniques<\/span><\/li><li style=\"font-weight: 400;\" aria-level=\"1\"><span style=\"font-weight: 400;\">R\u00e9servez sans quitter l\u2019h\u00f4tel<\/span><\/li><\/ul><p style=\"text-align: left;\"><b><span style=\"font-weight: 400;\"><br><\/span><\/b><span style=\"text-decoration: underline;\"><strong>Horaires Cuyl\u00e0s Tuc Blanc<\/strong><\/span><b><br><\/b><strong>Lundi<\/strong>: 08:30 &#8211; 13:30 \/ 14:00 &#8211; 19:00<br><strong>Mardi \u00e0 jeudi<\/strong>: 08:30 &#8211; 19:00<br><strong>Vendredi \u00e0 dimanche<\/strong>: 08:30 &#8211; 20:00<\/p><p style=\"text-align: left;\"><b><span style=\"font-weight: 400;\"> <strong>T\u00e9l\u00e9phone :<\/strong> +34 932 172 190<\/span><\/b><\/p>\t            <\/div>        <\/div>\t\t\t\t<\/div>\n\t\t\t\t<\/div>\n\t\t\t\t\t<\/div>\n\t\t\t\t<\/div>\n\t\t\t\t\t<\/details>\n\t\t\t\t\t<\/div>\n\t\t\t\t\t\t<\/div>\n\t\t\t\t<\/div>\n\t\t\t\t<\/div>\n\t\t","protected":false},"excerpt":{"rendered":"<p>Tout ce qui rend votre s\u00e9jour plus simple et plus agr\u00e9able \u00c0 l\u2019H\u00f4tel Tuc Blanc, vous ne faites pas que dormir. Nous prenons soin de chaque d\u00e9tail pour vous offrir une exp\u00e9rience compl\u00e8te : activit\u00e9s pour tous les \u00e2ges, beaut\u00e9, d\u00e9tente, gastronomie, confort et tout le mat\u00e9riel sans sortir de l\u2019h\u00f4tel. Activit\u00e9s pour adultes Activit\u00e9s &#8230;<\/p>\n","protected":false},"author":1,"featured_media":0,"parent":0,"menu_order":0,"comment_status":"closed","ping_status":"closed","template":"template-wide-content.php","meta":{"cozystay_single_page_hide_site_header":"","cozystay_single_page_site_header_source":"","cozystay_single_page_custom_site_header":"0","cozystay_single_page_custom_sticky_site_header":"0","cozystay_single_page_hide_page_title":"","cozystay_single_page_header_section_size":"","cozystay_single_page_header_background_color":"","cozystay_single_page_header_background_position_x":"center","cozystay_single_page_header_background_position_y":"center","cozystay_single_page_header_background_size":"cover","cozystay_single_page_header_background_repeat":"off","cozystay_single_page_header_background_scroll":"on","cozystay_single_page_header_text_color":"","cozystay_single_page_header_show_breadcrumb":"","cozystay_single_page_site_footer_hide_main":"","cozystay_single_custom_site_footer_main_source":"","cozystay_single_custom_site_footer_main":"0","cozystay_single_page_site_footer_hide_above":"","cozystay_single_custom_site_footer_above_source":"","cozystay_single_custom_site_footer_above":"0","cozystay_single_page_site_footer_hide_instagram":"","cozystay_single_page_site_footer_hide_bottom":"","cozystay_single_custom_mobile_menu_source":"","cozystay_single_custom_mobile_menu":"0","cozystay_single_custom_mobile_menu_animation":"","cozystay_single_custom_mobile_menu_width":"","cozystay_single_custom_mobile_menu_custom_width":375,"footnotes":""},"class_list":["post-5794","page","type-page","status-publish","hentry"],"yoast_head":"<!-- This site is optimized with the Yoast SEO plugin v27.4 - https:\/\/yoast.com\/product\/yoast-seo-wordpress\/ -->\n<title>Autres services | Hotel Tuc Blanc Baqueira<\/title>\n<meta name=\"description\" content=\"H\u00f4tel \u00e0 Baqueira avec buffet gratuit, activit\u00e9s pour adultes et enfants, casiers \u00e0 skis, location de skis, coiffeur et plus encore. Tout pour une escapade parfaite.\" \/>\n<meta name=\"robots\" content=\"index, follow, max-snippet:-1, max-image-preview:large, max-video-preview:-1\" \/>\n<link rel=\"canonical\" href=\"https:\/\/www.hoteltucblancbaqueira.com\/fr\/services\/\" \/>\n<meta property=\"og:locale\" content=\"fr_FR\" \/>\n<meta property=\"og:type\" content=\"article\" \/>\n<meta property=\"og:title\" content=\"Autres services | Hotel Tuc Blanc Baqueira\" \/>\n<meta property=\"og:description\" content=\"H\u00f4tel \u00e0 Baqueira avec buffet gratuit, activit\u00e9s pour adultes et enfants, casiers \u00e0 skis, location de skis, coiffeur et plus encore. Tout pour une escapade parfaite.\" \/>\n<meta property=\"og:url\" content=\"https:\/\/www.hoteltucblancbaqueira.com\/fr\/services\/\" \/>\n<meta property=\"og:site_name\" content=\"Hotel Tuc Blanc Baqueira\" \/>\n<meta property=\"article:modified_time\" content=\"2025-08-04T09:57:25+00:00\" \/>\n<meta property=\"og:image\" content=\"https:\/\/www.hoteltucblancbaqueira.com\/wp-content\/uploads\/2025\/07\/esqui-baqueira-beret.webp\" \/>\n\t<meta property=\"og:image:width\" content=\"1200\" \/>\n\t<meta property=\"og:image:height\" content=\"800\" \/>\n\t<meta property=\"og:image:type\" content=\"image\/webp\" \/>\n<meta name=\"twitter:card\" content=\"summary_large_image\" \/>\n<meta name=\"twitter:label1\" content=\"Dur\u00e9e de lecture estim\u00e9e\" \/>\n\t<meta name=\"twitter:data1\" content=\"18 minutes\" \/>\n<script type=\"application\/ld+json\" class=\"yoast-schema-graph\">{\"@context\":\"https:\\\/\\\/schema.org\",\"@graph\":[{\"@type\":\"WebPage\",\"@id\":\"https:\\\/\\\/www.hoteltucblancbaqueira.com\\\/fr\\\/services\\\/\",\"url\":\"https:\\\/\\\/www.hoteltucblancbaqueira.com\\\/fr\\\/services\\\/\",\"name\":\"Autres services | Hotel Tuc Blanc Baqueira\",\"isPartOf\":{\"@id\":\"https:\\\/\\\/www.hoteltucblancbaqueira.com\\\/fr\\\/#website\"},\"primaryImageOfPage\":{\"@id\":\"https:\\\/\\\/www.hoteltucblancbaqueira.com\\\/fr\\\/services\\\/#primaryimage\"},\"image\":{\"@id\":\"https:\\\/\\\/www.hoteltucblancbaqueira.com\\\/fr\\\/services\\\/#primaryimage\"},\"thumbnailUrl\":\"https:\\\/\\\/www.hoteltucblancbaqueira.com\\\/wp-content\\\/uploads\\\/2025\\\/07\\\/esqui-baqueira-beret.webp\",\"datePublished\":\"2023-03-28T02:35:49+00:00\",\"dateModified\":\"2025-08-04T09:57:25+00:00\",\"description\":\"H\u00f4tel \u00e0 Baqueira avec buffet gratuit, activit\u00e9s pour adultes et enfants, casiers \u00e0 skis, location de skis, coiffeur et plus encore. Tout pour une escapade parfaite.\",\"breadcrumb\":{\"@id\":\"https:\\\/\\\/www.hoteltucblancbaqueira.com\\\/fr\\\/services\\\/#breadcrumb\"},\"inLanguage\":\"fr-FR\",\"potentialAction\":[{\"@type\":\"ReadAction\",\"target\":[\"https:\\\/\\\/www.hoteltucblancbaqueira.com\\\/fr\\\/services\\\/\"]}]},{\"@type\":\"ImageObject\",\"inLanguage\":\"fr-FR\",\"@id\":\"https:\\\/\\\/www.hoteltucblancbaqueira.com\\\/fr\\\/services\\\/#primaryimage\",\"url\":\"https:\\\/\\\/www.hoteltucblancbaqueira.com\\\/wp-content\\\/uploads\\\/2025\\\/07\\\/esqui-baqueira-beret.webp\",\"contentUrl\":\"https:\\\/\\\/www.hoteltucblancbaqueira.com\\\/wp-content\\\/uploads\\\/2025\\\/07\\\/esqui-baqueira-beret.webp\"},{\"@type\":\"BreadcrumbList\",\"@id\":\"https:\\\/\\\/www.hoteltucblancbaqueira.com\\\/fr\\\/services\\\/#breadcrumb\",\"itemListElement\":[{\"@type\":\"ListItem\",\"position\":1,\"name\":\"Portada\",\"item\":\"https:\\\/\\\/www.hoteltucblancbaqueira.com\\\/fr\\\/home\\\/\"},{\"@type\":\"ListItem\",\"position\":2,\"name\":\"Autres services\"}]},{\"@type\":\"WebSite\",\"@id\":\"https:\\\/\\\/www.hoteltucblancbaqueira.com\\\/fr\\\/#website\",\"url\":\"https:\\\/\\\/www.hoteltucblancbaqueira.com\\\/fr\\\/\",\"name\":\"Hotel Tuc Blanc Baqueira\",\"description\":\"Hotel en Baqueira a pie de pistas\",\"publisher\":{\"@id\":\"https:\\\/\\\/www.hoteltucblancbaqueira.com\\\/fr\\\/#organization\"},\"potentialAction\":[{\"@type\":\"SearchAction\",\"target\":{\"@type\":\"EntryPoint\",\"urlTemplate\":\"https:\\\/\\\/www.hoteltucblancbaqueira.com\\\/fr\\\/?s={search_term_string}\"},\"query-input\":{\"@type\":\"PropertyValueSpecification\",\"valueRequired\":true,\"valueName\":\"search_term_string\"}}],\"inLanguage\":\"fr-FR\"},{\"@type\":\"Organization\",\"@id\":\"https:\\\/\\\/www.hoteltucblancbaqueira.com\\\/fr\\\/#organization\",\"name\":\"Hotel Tuc Blanc Baqueira\",\"url\":\"https:\\\/\\\/www.hoteltucblancbaqueira.com\\\/fr\\\/\",\"logo\":{\"@type\":\"ImageObject\",\"inLanguage\":\"fr-FR\",\"@id\":\"https:\\\/\\\/www.hoteltucblancbaqueira.com\\\/fr\\\/#\\\/schema\\\/logo\\\/image\\\/\",\"url\":\"https:\\\/\\\/www.hoteltucblancbaqueira.com\\\/wp-content\\\/uploads\\\/2025\\\/05\\\/logo_header.svg\",\"contentUrl\":\"https:\\\/\\\/www.hoteltucblancbaqueira.com\\\/wp-content\\\/uploads\\\/2025\\\/05\\\/logo_header.svg\",\"width\":398,\"height\":101,\"caption\":\"Hotel Tuc Blanc Baqueira\"},\"image\":{\"@id\":\"https:\\\/\\\/www.hoteltucblancbaqueira.com\\\/fr\\\/#\\\/schema\\\/logo\\\/image\\\/\"}}]}<\/script>\n<!-- \/ Yoast SEO plugin. -->","yoast_head_json":{"title":"Autres services | Hotel Tuc Blanc Baqueira","description":"H\u00f4tel \u00e0 Baqueira avec buffet gratuit, activit\u00e9s pour adultes et enfants, casiers \u00e0 skis, location de skis, coiffeur et plus encore. Tout pour une escapade parfaite.","robots":{"index":"index","follow":"follow","max-snippet":"max-snippet:-1","max-image-preview":"max-image-preview:large","max-video-preview":"max-video-preview:-1"},"canonical":"https:\/\/www.hoteltucblancbaqueira.com\/fr\/services\/","og_locale":"fr_FR","og_type":"article","og_title":"Autres services | Hotel Tuc Blanc Baqueira","og_description":"H\u00f4tel \u00e0 Baqueira avec buffet gratuit, activit\u00e9s pour adultes et enfants, casiers \u00e0 skis, location de skis, coiffeur et plus encore. Tout pour une escapade parfaite.","og_url":"https:\/\/www.hoteltucblancbaqueira.com\/fr\/services\/","og_site_name":"Hotel Tuc Blanc Baqueira","article_modified_time":"2025-08-04T09:57:25+00:00","og_image":[{"width":1200,"height":800,"url":"https:\/\/www.hoteltucblancbaqueira.com\/wp-content\/uploads\/2025\/07\/esqui-baqueira-beret.webp","type":"image\/webp"}],"twitter_card":"summary_large_image","twitter_misc":{"Dur\u00e9e de lecture estim\u00e9e":"18 minutes"},"schema":{"@context":"https:\/\/schema.org","@graph":[{"@type":"WebPage","@id":"https:\/\/www.hoteltucblancbaqueira.com\/fr\/services\/","url":"https:\/\/www.hoteltucblancbaqueira.com\/fr\/services\/","name":"Autres services | Hotel Tuc Blanc Baqueira","isPartOf":{"@id":"https:\/\/www.hoteltucblancbaqueira.com\/fr\/#website"},"primaryImageOfPage":{"@id":"https:\/\/www.hoteltucblancbaqueira.com\/fr\/services\/#primaryimage"},"image":{"@id":"https:\/\/www.hoteltucblancbaqueira.com\/fr\/services\/#primaryimage"},"thumbnailUrl":"https:\/\/www.hoteltucblancbaqueira.com\/wp-content\/uploads\/2025\/07\/esqui-baqueira-beret.webp","datePublished":"2023-03-28T02:35:49+00:00","dateModified":"2025-08-04T09:57:25+00:00","description":"H\u00f4tel \u00e0 Baqueira avec buffet gratuit, activit\u00e9s pour adultes et enfants, casiers \u00e0 skis, location de skis, coiffeur et plus encore. Tout pour une escapade parfaite.","breadcrumb":{"@id":"https:\/\/www.hoteltucblancbaqueira.com\/fr\/services\/#breadcrumb"},"inLanguage":"fr-FR","potentialAction":[{"@type":"ReadAction","target":["https:\/\/www.hoteltucblancbaqueira.com\/fr\/services\/"]}]},{"@type":"ImageObject","inLanguage":"fr-FR","@id":"https:\/\/www.hoteltucblancbaqueira.com\/fr\/services\/#primaryimage","url":"https:\/\/www.hoteltucblancbaqueira.com\/wp-content\/uploads\/2025\/07\/esqui-baqueira-beret.webp","contentUrl":"https:\/\/www.hoteltucblancbaqueira.com\/wp-content\/uploads\/2025\/07\/esqui-baqueira-beret.webp"},{"@type":"BreadcrumbList","@id":"https:\/\/www.hoteltucblancbaqueira.com\/fr\/services\/#breadcrumb","itemListElement":[{"@type":"ListItem","position":1,"name":"Portada","item":"https:\/\/www.hoteltucblancbaqueira.com\/fr\/home\/"},{"@type":"ListItem","position":2,"name":"Autres services"}]},{"@type":"WebSite","@id":"https:\/\/www.hoteltucblancbaqueira.com\/fr\/#website","url":"https:\/\/www.hoteltucblancbaqueira.com\/fr\/","name":"Hotel Tuc Blanc Baqueira","description":"Hotel en Baqueira a pie de pistas","publisher":{"@id":"https:\/\/www.hoteltucblancbaqueira.com\/fr\/#organization"},"potentialAction":[{"@type":"SearchAction","target":{"@type":"EntryPoint","urlTemplate":"https:\/\/www.hoteltucblancbaqueira.com\/fr\/?s={search_term_string}"},"query-input":{"@type":"PropertyValueSpecification","valueRequired":true,"valueName":"search_term_string"}}],"inLanguage":"fr-FR"},{"@type":"Organization","@id":"https:\/\/www.hoteltucblancbaqueira.com\/fr\/#organization","name":"Hotel Tuc Blanc Baqueira","url":"https:\/\/www.hoteltucblancbaqueira.com\/fr\/","logo":{"@type":"ImageObject","inLanguage":"fr-FR","@id":"https:\/\/www.hoteltucblancbaqueira.com\/fr\/#\/schema\/logo\/image\/","url":"https:\/\/www.hoteltucblancbaqueira.com\/wp-content\/uploads\/2025\/05\/logo_header.svg","contentUrl":"https:\/\/www.hoteltucblancbaqueira.com\/wp-content\/uploads\/2025\/05\/logo_header.svg","width":398,"height":101,"caption":"Hotel Tuc Blanc Baqueira"},"image":{"@id":"https:\/\/www.hoteltucblancbaqueira.com\/fr\/#\/schema\/logo\/image\/"}}]}},"_links":{"self":[{"href":"https:\/\/www.hoteltucblancbaqueira.com\/fr\/wp-json\/wp\/v2\/pages\/5794","targetHints":{"allow":["GET"]}}],"collection":[{"href":"https:\/\/www.hoteltucblancbaqueira.com\/fr\/wp-json\/wp\/v2\/pages"}],"about":[{"href":"https:\/\/www.hoteltucblancbaqueira.com\/fr\/wp-json\/wp\/v2\/types\/page"}],"author":[{"embeddable":true,"href":"https:\/\/www.hoteltucblancbaqueira.com\/fr\/wp-json\/wp\/v2\/users\/1"}],"replies":[{"embeddable":true,"href":"https:\/\/www.hoteltucblancbaqueira.com\/fr\/wp-json\/wp\/v2\/comments?post=5794"}],"version-history":[{"count":0,"href":"https:\/\/www.hoteltucblancbaqueira.com\/fr\/wp-json\/wp\/v2\/pages\/5794\/revisions"}],"wp:attachment":[{"href":"https:\/\/www.hoteltucblancbaqueira.com\/fr\/wp-json\/wp\/v2\/media?parent=5794"}],"curies":[{"name":"wp","href":"https:\/\/api.w.org\/{rel}","templated":true}]}}